{"id":355,"date":"2023-07-04T17:54:27","date_gmt":"2023-07-04T20:54:27","guid":{"rendered":"https:\/\/publica.art\/es\/?page_id=355"},"modified":"2024-08-24T20:08:35","modified_gmt":"2024-08-24T23:08:35","slug":"sobre","status":"publish","type":"page","link":"https:\/\/publica.art\/es\/sobre\/","title":{"rendered":"Sobre"},"content":{"rendered":"\n<style>\n.fonte-ppp, .espacamento-linhas {font-family: \"ppppangrams-bold\", Arial, sans-serif;  text-decoration: underline 1px; text-decoration-skip-ink: none; text-underline-position: from-font; -webkit-text-decoration-line: underline;}\n.fonte-ppp-regular {font-family: \"ppppangrams-compact\", Arial, sans-serif; font-size: 14px;}\n.citacao {text-decoration: underline 1px; text-decoration-skip-ink: none; margin-bottom:0px; font-size: clamp(0.5em, 1em + 1vw, 2.5em) !important;}\n.aspas {color: #0000ff; font-family: \"ppppangrams-bold\", Arial, sans-serif;}\n.caixa-texto {color: #0000ff; font-family: \"ppppangrams-medium\", Arial, sans-serif; margin-bottom: 0px;}\n.legenda-juju {font-family: \"ppppangrams-medium\", Arial, sans-serif; margin-bottom: 0px;margin-top:10px;}\n.instagram-juju {margin-bottom: 0px; margin-top: -5px;}\n.instagram-juju > a{font-family: \"ppppangrams-medium\", Arial, sans-serif; text-decoration: none; color: #0000ff;}\n\n\/*DEIXAR A GRAFIA DE PROJETO MAIS VISIVEL. PODE DEIXAR EM #FFFFFF PARA FICAR MAIS PALIDO*\/\n.main-navigation .main-nav ul li[class*=\"current-menu-\"] > a{\n\/\/background-color: #ffffff00;\ncolor: #000000d3;\n}\n\n@media (max-width: 768px) {\n.inside-article {\n    margin-left: 7px;\n    margin-right: 7px;\n}\n.citacao {\n    display: none;\n}\n\/*Ajusta a caixa de news para ficar na mesma linha no mobile*\/\n.wp-block-columns:not(.is-not-stacked-on-mobile)>.wp-block-column{\nflex-basis: 10%!important;\n}\ninput.campo_email{\npadding-top:0px;\n}\n\n}\n\n@media screen and (min-width: 1900px){\n.no-sidebar:not(.archive):not(.blog) .inside-article > *, .no-sidebar:not(.archive):not(.blog) #comments, .no-sidebar:not(.archive):not(.blog) .paging-navigation{\nmax-width: 100%;\n   \/*COMENTADO TER\u00c7A margin-left: 50%; *\/\n    margin-right: 5px;\n}\n\n}\n\n.menu-item-187{\n    background-image: url(https:\/\/publica.art\/es\/wp-content\/uploads\/2024\/07\/SOBRE_BIC.png);\n    background-size: 200px 75px;\n    background-repeat: no-repeat;\n    background-position: 0 -10px, center;\n}\n.menu-item-187 a{filter: opacity(0.2);}\n\niput{\nbackground: url('https:\/\/publica.art\/es\/wp-content\/uploads\/2023\/09\/campo.png');\n}\n.news-1{\nflex-basis: 25%;\nmax-width: 20%;\n}\n.news-2{\nflex-basis: 80% !important;\n    width: 100%;\n}\n.news-2 > input{\nwidth: 100%;    \n    background: url(https:\/\/publica.art\/es\/wp-content\/uploads\/2023\/09\/caixa02.png);\n    background-size: contain;\n    background-repeat: no-repeat;\n    border-color:#ffffff;\nbackground-position-y: bottom;\n}\n.news-2 > input{\n   border-color:#ffffff;\n}\n.news-2 > input:focus{\n   border-color:#ffffff;\n}\n.news-2 > input:focus{\n   border-color:#ffffff;\n}\n\n.news-2-v2{\n    text-align: center;\n}\n.news-2-v2 > input{\n   border-color:#ffffff;\n}\n.news-2-v2 > input:focus{\n   border-color:#ffffff;\n}\n.news-2-v2 > input:focus{\n   border-color:#ffffff;\n}\n.wp-container-10{\nmargin-bottom: 0px;\n}\n.news-3{\nflex-basis: 15% !important;\ntext-align: right;\nmax-width: 10%;\n}\n.news-3 > a button, .news-3 > a{\npadding-top: 0px;\n    padding-left: 0px;\n    padding-right: 0px;\n    padding-bottom: 0px;\ncolor: #ffffff;\n}\n\n.campo_email::-webkit-input-placeholder{\nfont-family: \"ppppangrams-medium\", Arial, sans-serif;\n}\n\n.foto-juju > figure{ margin-left: 0px !important;}\n\n.customizacao-legenda a{color:#0000ff;}\n\n.conteudo-ficha{\ndisplay: none;\n}\n.conteudo-ficha{padding-top: 0px;}\n\n.fic {\n    text-align: right;\n    font-size: 10px;\n    color: #00f;\n    line-height: 15px;\n    margin-right: 10px;\n}\n\n#btn-div{\ntext-align: right;\ncolor:#0000ff;\n}\n\n<\/style>\n<!-- deixar o menu exposto -->\n<script>\nvar el = document.getElementById('mobile-header');\nel.classList.remove('is_stuck');\nel.classList.remove('navigation-stick');\nel.classList.remove('navigation-clone');\nel.classList.remove('sticky-navigation-transition');\nel.classList.add('toggled');\n<\/script>\n\n\n\n<p class=\"espacamento-linhas has-black-color has-text-color has-large-font-size\"><br>P\u00fablica busca un impacto real, prestando atenci\u00f3n a las relaciones entre territorios, cultura, tiempo y personas. Una combinaci\u00f3n de creatividad e innovaci\u00f3n que se traduce en la concepci\u00f3n y ejecuci\u00f3n de proyectos art\u00edsticos extraordinarios.<\/p>\n\n\n\n<figure class=\"wp-block-video customizacao-legenda\"><video height=\"1080\" style=\"aspect-ratio: 1920 \/ 1080;\" width=\"1920\" autoplay loop src=\"https:\/\/publica.art\/es\/wp-content\/uploads\/2023\/07\/sobre_publica.mp4\" playsinline><\/video><figcaption class=\"wp-element-caption\">animaci\u00f3n 3d por <a href=\"https:\/\/www.instagram.com\/samopses\/\" target=\"_blank\" rel=\"noreferrer noopener\">@samopses<\/a><\/figcaption><\/figure>\n\n\n\n<p class=\"fonte-ppp-regular\">Lo que somos se manifiesta de manera literal y en subjetividades: una agencia de arte que, no por casualidad, se llama P\u00fablica. Partimos de lo m\u00e1s complejo y tambi\u00e9n m\u00e1s obvio: la creatividad. Dado que crear es algo transformador, entrenamos nuestra mirada para ser sensible y cr\u00edtica al mismo tiempo, siempre en busca de ampliar el repertorio de experiencias en medio de una red amplia de relaciones, lo que nos lleva a la innovaci\u00f3n, con el an\u00e1lisis de territorios, bienes culturales y acciones de ciudadan\u00eda. Todo esto se fundamenta en la gesti\u00f3n transparente, desde la propuesta con una concepci\u00f3n basada en estudios consistentes, pasando por el cuidado en la fase de desarrollo hasta llegar a las entregas extraordinarias, una responsabilidad de P\u00fablica. Los squads formados por la diversidad desde la curadur\u00eda art\u00edstica hasta la formaci\u00f3n de los equipos son ejemplos de nuestra competencia. Es as\u00ed como causamos impacto, apuntando a la experiencia creativa de los artistas, para que elaboren sus procesos con sus identidades y libertades, en di\u00e1logo con los territorios, desde la creaci\u00f3n de un nuevo &#8220;lugar&#8221; hasta el fomento de la multiterritorialidad, y en la interacci\u00f3n con el p\u00fablico, con el objetivo de provocar vivencias inolvidables.<br><br>P\u00fablica busca el impacto real, atenta a las relaciones entre territorios, cultura, tiempo y personas. Una combinaci\u00f3n de creatividad e innovaci\u00f3n que resulta en la concepci\u00f3n y ejecuci\u00f3n de proyectos art\u00edsticos extraordinarios.<\/p>\n\n\n\n<p class=\"fonte-ppp-regular\"><br><br><\/p>\n\n\n\n<figure class=\"wp-block-image size-large d-none\"><img decoding=\"async\" width=\"1024\" height=\"7\" src=\"https:\/\/publica.art\/es\/wp-content\/uploads\/2023\/09\/barra-news-1-1024x7.png\" alt=\"\" class=\"wp-image-2282\" srcset=\"https:\/\/publica.art\/es\/wp-content\/uploads\/2023\/09\/barra-news-1-1024x7.png 1024w, https:\/\/publica.art\/es\/wp-content\/uploads\/2023\/09\/barra-news-1-300x2.png 300w, https:\/\/publica.art\/es\/wp-content\/uploads\/2023\/09\/barra-news-1-768x5.png 768w, https:\/\/publica.art\/es\/wp-content\/uploads\/2023\/09\/barra-news-1-1536x10.png 1536w, https:\/\/publica.art\/es\/wp-content\/uploads\/2023\/09\/barra-news-1-2048x14.png 2048w\" sizes=\"(max-width: 1024px) 100vw, 1024px\" \/><\/figure>\n\n\n<div class=\"wp-block-image foto-juju\">\n<figure class=\"aligncenter size-large\"><img decoding=\"async\" width=\"1024\" height=\"576\" src=\"https:\/\/publica.art\/es\/wp-content\/uploads\/2023\/12\/juliana-flores-bio-1024x576.png\" alt=\"\" class=\"wp-image-3312\" srcset=\"https:\/\/publica.art\/es\/wp-content\/uploads\/2023\/12\/juliana-flores-bio-1024x576.png 1024w, https:\/\/publica.art\/es\/wp-content\/uploads\/2023\/12\/juliana-flores-bio-300x169.png 300w, https:\/\/publica.art\/es\/wp-content\/uploads\/2023\/12\/juliana-flores-bio-768x432.png 768w, https:\/\/publica.art\/es\/wp-content\/uploads\/2023\/12\/juliana-flores-bio-1536x864.png 1536w, https:\/\/publica.art\/es\/wp-content\/uploads\/2023\/12\/juliana-flores-bio.png 2000w\" sizes=\"(max-width: 1024px) 100vw, 1024px\" \/><\/figure>\n<\/div>\n\n\n<p class=\"legenda-juju has-small-font-size\"><strong><span style=\"font-size: 20px;\">Juliana Flores<\/span><\/strong><\/p>\n\n\n\n<p class=\"instagram-juju\"><a href=\"https:\/\/www.instagram.com\/jujuflores\/\" target=\"_blank\" rel=\"noreferrer noopener\">@jujuflores<\/a><\/p>\n\n\n\n<p class=\"fonte-ppp-regular\">directora art\u00edstica y fundadora de P\u00fablica<br><br><\/p>\n\n\n\n<p class=\"fonte-ppp-regular\">\u201cMi formaci\u00f3n acad\u00e9mica es en periodismo y mis primeras experiencias profesionales fueron en televisi\u00f3n. Fui productora de teleperiodismo y reportera durante cinco a\u00f1os, lo cual fue suficiente por un tiempo. Pero la inquietud comenz\u00f3 a burbujear\u2026 Como madre, como hija: un deseo inquieto. Mi madre y yo siempre compartimos la pasi\u00f3n por la literatura y ten\u00edamos la ambici\u00f3n de crear una editorial de libros infantiles. Pensar en editar obras para ni\u00f1os con gran relevancia est\u00e9tica y en deslumbrarnos con la creaci\u00f3n de narrativas visuales para ampliar los sentidos del texto eran un camino que parec\u00eda muy hermoso. Y lo est\u00e1 siendo. En 2009, creamos la editorial Aletr\u00eda (que sigue existiendo) y ya brillamos desde el principio, lanzando el libro &#8220;Bichos&#8221;, de Ronaldo Sim\u00f5es Coelho y Angela Lago. La obra recibi\u00f3 diversos premios nacionales e internacionales.<br><br>Por un tiempo, trabaj\u00e9 feliz como editora de libros, hasta darme cuenta de que la br\u00fajula empezaba a titubear debido a otra gran pasi\u00f3n: el arte urbano. Necesitaba retomar el hilo. Necesitaba crear. Y desde siempre tengo la convicci\u00f3n de que este es un proceso colectivo.<br><br>As\u00ed que, en 2017, me un\u00ed una vez m\u00e1s con dos amigas, Jana Macruz y Priscila Amoni, para so\u00f1ar y llevar a cabo el festival CURA &#8211; Circuito Urbano de Arte. Fue una pasi\u00f3n tan arrolladora, tan envolvente, que se convirti\u00f3 en la chispa inicial para fundar P\u00fablica, una agencia nacida para realizar proyectos y festivales de arte p\u00fablico. Desde entonces, nos hemos convertido en una hoguera, un incendio forestal, un volc\u00e1n. Hemos llevado a cabo varios proyectos de arte mural y graffiti en Belo Horizonte, S\u00e3o Paulo y R\u00edo de Janeiro que me llenan de orgullo, como el MAMU &#8211; Morro Arte Mural, un proyecto que transforma casas de favelas en macro murales. Tambi\u00e9n act\u00fao como realizadora y directora art\u00edstica de la FESTA DA LUZ, un festival de instalaci\u00f3n de light art de Belo Horizonte que tuvo su primera edici\u00f3n en 2021, y fui la directora art\u00edstica de la primera edici\u00f3n del BREVE ARTE en 2022. Transformar el espacio p\u00fablico con arte es demasiado hermoso, y concebir obras pensadas desde el territorio es mi desaf\u00edo favorito.<br><br>\u00a1Uf!<br><br>Despu\u00e9s de este breve respiro, continuemos: adem\u00e1s de liderar los negocios en P\u00fablica y ser apasionada por el arte, soy madre de Jos\u00e9 y Rita, practico capoeira, nado y siempre ando en grupo y, como buena brasile\u00f1a, me apasiona la naturaleza, el carnaval, la m\u00fasica y el f\u00fatbol.\u201d<\/p>\n\n\n\n<p class=\"fonte-ppp-regular\"><br><br><\/p>\n\n\n\n<script>\nvar el = document.getElementById('mobile-header');\nel.classList.remove('is_stuck');\nel.classList.remove('navigation-stick');\nel.classList.remove('navigation-clone');\nel.classList.remove('sticky-navigation-transition');\nel.classList.add('toggled');\n<\/script>\n\n\n\n<p><\/p>\n\n\n\n&nbsp;\n<div id=\"btn-div\">\n\n<span id=\"texto-opaco\" style=\"\/*position: absolute; bottom: 20%; font-size: 24px;\"><strong style=\"font-family: ppppangrams-bold, Arial, sans-serif;\">ficha t\u00e9cnica site\u00a0 \u00a0 <img decoding=\"async\" id=\"img-olho\" class=\"\" src=\"https:\/\/publica.art\/es\/wp-content\/uploads\/2023\/08\/olho-ficha.png\" width=\"75\" height=\"44\" \/><\/strong><\/span>\n\n<\/div>\n<div id=\"ficha\" class=\"ficha\">\n<div class=\"conteudo-ficha\">\n<div class=\"fic\">\n\nPlanificaci\u00f3n estrat\u00e9gica: Jordana Menezes y Tha\u00edsa Pires<br>\nDirecci\u00f3n creativa y dise\u00f1o: Tha\u00edsa Pires<br>\nDesarrollo: Ulisses Pessoa<br>\nV\u00eddeo 3D: Samuel Preto<br>\nContenido: Juliana Flores, Tha\u00edsa Pires y Diogo Rufatto (F\u00facsia Textualidades)<br>\n\n\n<\/div>\n<\/div>\n<\/div>\n&nbsp;\n\n\n<script>\n\nvar btn = document.getElementById('btn-div');\nvar container = document.querySelector('.conteudo-ficha');\nbtn.addEventListener('click', function() {\n    \n  if(container.style.display === 'block') {\n      container.style.display = 'none';\ndocument.getElementById(\"texto-opaco\").style.color = \"#0000ff\";\ndocument.getElementById(\"img-olho\").style.filter = \"opacity(1)\";\ndocument.getElementById(\"texto-opaco\").style.filter = \"opacity(1)\";\ndocument.getElementById(\"ficha\").style.height = \"6px\";\ndocument.getElementById(\"img-olho\").src = \"https:\/\/publica.art\/es\/wp-content\/uploads\/2023\/08\/olho-ficha.png\";\n  } else {\n      container.style.display = 'block';\ndocument.getElementById(\"texto-opaco\").style.filter = \"opacity(0.7)\";\ndocument.getElementById(\"texto-opaco\").style.color = \"#d5d1d1\";\ndocument.getElementById(\"img-olho\").style.filter = \"opacity(1)\";\ndocument.getElementById(\"ficha\").style.height = \"75px\";\ndocument.getElementById(\"img-olho\").src = \"https:\/\/publica.art\/es\/wp-content\/uploads\/2023\/09\/olho-cinza.png\";\n  }\n});\n\n<\/script>\n\n<script>\n\/*SCRIPT PARA CONFIGURAR IDIOMAS*\/\nconst url = window.location.href;\ndocument.getElementById(\"idioma-es\").href = url;\nconsole.log(url);\n              url2 = url.split('\/es');\n              url3 = url2[1];\n              console.log(url3);\ndocument.getElementById(\"idioma-en\").href = \"https:\/\/publica.art\/en\/about-us\";\ndocument.getElementById(\"idioma-pt\").href = \"https:\/\/publica.art\/sobre\";\ndocument.getElementById(\"idioma-en-mb\").href = \"https:\/\/publica.art\/en\/about-us\";\ndocument.getElementById(\"idioma-pt-mb\").href = \"https:\/\/publica.art\/sobre\";\n<\/script>\n","protected":false},"excerpt":{"rendered":"<p>P\u00fablica busca un impacto real, prestando atenci\u00f3n a las relaciones entre territorios, cultura, tiempo y personas. Una combinaci\u00f3n de creatividad &#8230; <\/p>\n<p class=\"read-more-container\"><a title=\"Sobre\" class=\"read-more button\" href=\"https:\/\/publica.art\/es\/sobre\/#more-355\" aria-label=\"More on Sobre\">Read more<\/a><\/p>\n","protected":false},"author":1,"featured_media":0,"parent":0,"menu_order":0,"comment_status":"closed","ping_status":"closed","template":"","meta":{"footnotes":""},"class_list":{"0":"post-355","1":"page","2":"type-page","3":"status-publish","5":"infinite-scroll-item","6":"no-featured-image-padding"},"yoast_head":"<!-- This site is optimized with the Yoast SEO plugin v21.7 - https:\/\/yoast.com\/wordpress\/plugins\/seo\/ -->\n<title>Sobre - publica<\/title>\n<meta name=\"robots\" content=\"index, follow, max-snippet:-1, max-image-preview:large, max-video-preview:-1\" \/>\n<link rel=\"canonical\" href=\"https:\/\/publica.art\/es\/sobre\/\" \/>\n<meta property=\"og:locale\" content=\"pt_BR\" \/>\n<meta property=\"og:type\" content=\"article\" \/>\n<meta property=\"og:title\" content=\"Sobre - publica\" \/>\n<meta property=\"og:description\" content=\"P\u00fablica busca un impacto real, prestando atenci\u00f3n a las relaciones entre territorios, cultura, tiempo y personas. Una combinaci\u00f3n de creatividad ... Read more\" \/>\n<meta property=\"og:url\" content=\"https:\/\/publica.art\/es\/sobre\/\" \/>\n<meta property=\"og:site_name\" content=\"publica\" \/>\n<meta property=\"article:modified_time\" content=\"2024-08-24T23:08:35+00:00\" \/>\n<meta property=\"og:image\" content=\"https:\/\/publica.art\/es\/wp-content\/uploads\/2023\/09\/barra-news-1-1024x7.png\" \/>\n<meta name=\"twitter:card\" content=\"summary_large_image\" \/>\n<meta name=\"twitter:label1\" content=\"Est. tempo de leitura\" \/>\n\t<meta name=\"twitter:data1\" content=\"5 minutos\" \/>\n<script type=\"application\/ld+json\" class=\"yoast-schema-graph\">{\"@context\":\"https:\/\/schema.org\",\"@graph\":[{\"@type\":\"WebPage\",\"@id\":\"https:\/\/publica.art\/es\/sobre\/\",\"url\":\"https:\/\/publica.art\/es\/sobre\/\",\"name\":\"Sobre - publica\",\"isPartOf\":{\"@id\":\"https:\/\/publica.art\/es\/#website\"},\"datePublished\":\"2023-07-04T20:54:27+00:00\",\"dateModified\":\"2024-08-24T23:08:35+00:00\",\"breadcrumb\":{\"@id\":\"https:\/\/publica.art\/es\/sobre\/#breadcrumb\"},\"inLanguage\":\"pt-BR\",\"potentialAction\":[{\"@type\":\"ReadAction\",\"target\":[\"https:\/\/publica.art\/es\/sobre\/\"]}]},{\"@type\":\"BreadcrumbList\",\"@id\":\"https:\/\/publica.art\/es\/sobre\/#breadcrumb\",\"itemListElement\":[{\"@type\":\"ListItem\",\"position\":1,\"name\":\"In\u00edcio\",\"item\":\"https:\/\/publica.art\/es\/\"},{\"@type\":\"ListItem\",\"position\":2,\"name\":\"Sobre\"}]},{\"@type\":\"WebSite\",\"@id\":\"https:\/\/publica.art\/es\/#website\",\"url\":\"https:\/\/publica.art\/es\/\",\"name\":\"publica\",\"description\":\"&lt;s&gt;&lt;i&gt;[agencia&lt;\/i&gt; de&lt;\/s&gt; &lt;b&gt;arte&lt;i&gt;]&lt;\/i&gt;&lt;\/b&gt;\",\"publisher\":{\"@id\":\"https:\/\/publica.art\/es\/#organization\"},\"potentialAction\":[{\"@type\":\"SearchAction\",\"target\":{\"@type\":\"EntryPoint\",\"urlTemplate\":\"https:\/\/publica.art\/es\/?s={search_term_string}\"},\"query-input\":\"required name=search_term_string\"}],\"inLanguage\":\"pt-BR\"},{\"@type\":\"Organization\",\"@id\":\"https:\/\/publica.art\/es\/#organization\",\"name\":\"publica\",\"url\":\"https:\/\/publica.art\/es\/\",\"logo\":{\"@type\":\"ImageObject\",\"inLanguage\":\"pt-BR\",\"@id\":\"https:\/\/publica.art\/es\/#\/schema\/logo\/image\/\",\"url\":\"https:\/\/publica.art\/es\/wp-content\/uploads\/2023\/06\/site-publica-23-11.png\",\"contentUrl\":\"https:\/\/publica.art\/es\/wp-content\/uploads\/2023\/06\/site-publica-23-11.png\",\"width\":259,\"height\":517,\"caption\":\"publica\"},\"image\":{\"@id\":\"https:\/\/publica.art\/es\/#\/schema\/logo\/image\/\"}}]}<\/script>\n<!-- \/ Yoast SEO plugin. -->","yoast_head_json":{"title":"Sobre - publica","robots":{"index":"index","follow":"follow","max-snippet":"max-snippet:-1","max-image-preview":"max-image-preview:large","max-video-preview":"max-video-preview:-1"},"canonical":"https:\/\/publica.art\/es\/sobre\/","og_locale":"pt_BR","og_type":"article","og_title":"Sobre - publica","og_description":"P\u00fablica busca un impacto real, prestando atenci\u00f3n a las relaciones entre territorios, cultura, tiempo y personas. Una combinaci\u00f3n de creatividad ... Read more","og_url":"https:\/\/publica.art\/es\/sobre\/","og_site_name":"publica","article_modified_time":"2024-08-24T23:08:35+00:00","og_image":[{"url":"https:\/\/publica.art\/es\/wp-content\/uploads\/2023\/09\/barra-news-1-1024x7.png"}],"twitter_card":"summary_large_image","twitter_misc":{"Est. tempo de leitura":"5 minutos"},"schema":{"@context":"https:\/\/schema.org","@graph":[{"@type":"WebPage","@id":"https:\/\/publica.art\/es\/sobre\/","url":"https:\/\/publica.art\/es\/sobre\/","name":"Sobre - publica","isPartOf":{"@id":"https:\/\/publica.art\/es\/#website"},"datePublished":"2023-07-04T20:54:27+00:00","dateModified":"2024-08-24T23:08:35+00:00","breadcrumb":{"@id":"https:\/\/publica.art\/es\/sobre\/#breadcrumb"},"inLanguage":"pt-BR","potentialAction":[{"@type":"ReadAction","target":["https:\/\/publica.art\/es\/sobre\/"]}]},{"@type":"BreadcrumbList","@id":"https:\/\/publica.art\/es\/sobre\/#breadcrumb","itemListElement":[{"@type":"ListItem","position":1,"name":"In\u00edcio","item":"https:\/\/publica.art\/es\/"},{"@type":"ListItem","position":2,"name":"Sobre"}]},{"@type":"WebSite","@id":"https:\/\/publica.art\/es\/#website","url":"https:\/\/publica.art\/es\/","name":"publica","description":"&lt;s&gt;&lt;i&gt;[agencia&lt;\/i&gt; de&lt;\/s&gt; &lt;b&gt;arte&lt;i&gt;]&lt;\/i&gt;&lt;\/b&gt;","publisher":{"@id":"https:\/\/publica.art\/es\/#organization"},"potentialAction":[{"@type":"SearchAction","target":{"@type":"EntryPoint","urlTemplate":"https:\/\/publica.art\/es\/?s={search_term_string}"},"query-input":"required name=search_term_string"}],"inLanguage":"pt-BR"},{"@type":"Organization","@id":"https:\/\/publica.art\/es\/#organization","name":"publica","url":"https:\/\/publica.art\/es\/","logo":{"@type":"ImageObject","inLanguage":"pt-BR","@id":"https:\/\/publica.art\/es\/#\/schema\/logo\/image\/","url":"https:\/\/publica.art\/es\/wp-content\/uploads\/2023\/06\/site-publica-23-11.png","contentUrl":"https:\/\/publica.art\/es\/wp-content\/uploads\/2023\/06\/site-publica-23-11.png","width":259,"height":517,"caption":"publica"},"image":{"@id":"https:\/\/publica.art\/es\/#\/schema\/logo\/image\/"}}]}},"_links":{"self":[{"href":"https:\/\/publica.art\/es\/wp-json\/wp\/v2\/pages\/355","targetHints":{"allow":["GET"]}}],"collection":[{"href":"https:\/\/publica.art\/es\/wp-json\/wp\/v2\/pages"}],"about":[{"href":"https:\/\/publica.art\/es\/wp-json\/wp\/v2\/types\/page"}],"author":[{"embeddable":true,"href":"https:\/\/publica.art\/es\/wp-json\/wp\/v2\/users\/1"}],"replies":[{"embeddable":true,"href":"https:\/\/publica.art\/es\/wp-json\/wp\/v2\/comments?post=355"}],"version-history":[{"count":306,"href":"https:\/\/publica.art\/es\/wp-json\/wp\/v2\/pages\/355\/revisions"}],"predecessor-version":[{"id":3703,"href":"https:\/\/publica.art\/es\/wp-json\/wp\/v2\/pages\/355\/revisions\/3703"}],"wp:attachment":[{"href":"https:\/\/publica.art\/es\/wp-json\/wp\/v2\/media?parent=355"}],"curies":[{"name":"wp","href":"https:\/\/api.w.org\/{rel}","templated":true}]}}