{"id":1714,"date":"2023-09-01T10:43:33","date_gmt":"2023-09-01T13:43:33","guid":{"rendered":"https:\/\/publica.art\/es\/?page_id=1714"},"modified":"2024-09-03T12:39:23","modified_gmt":"2024-09-03T15:39:23","slug":"festa-da-luz","status":"publish","type":"page","link":"https:\/\/publica.art\/es\/festa-da-luz\/","title":{"rendered":"festa da luz"},"content":{"rendered":"\n<style>\n\n\/*RETIRAR BORDAS LATERAIS DA DESCRI\u00c7\u00c3O*\/\n.projeto-pad{padding:0px;}\n\n#menu-item-278 a {color: #0000ff !important; font-weight:bold;}\n\n#menu-item-186{\n    background-image: url(https:\/\/publica.art\/es\/wp-content\/uploads\/2024\/07\/PROYECTOS_BIC.png);\n    background-size:344px 77px;\n    background-repeat: no-repeat;\n    background-position:0 -3px, center;\n    height:83px;\n}\n#menu-item-186 > a{filter: opacity(0.2);}\n\/*DEIXAR A GRAFIA DE PROJETO MAIS VISIVEL. PODE DEIXAR EM #FFFFFF PARA FICAR MAIS PALIDO*\/\n.main-navigation .main-nav ul li[class*=\"current-menu-\"] > a{\n\/\/background-color: #ffffff00;\ncolor: #000000d3;\n}\n\n.conteudo-ficha{\ndisplay: none;\n}\n.conteudo-ficha-2{\ndisplay: none;\n}\n.conteudo-ficha-3{\ndisplay: none;\n}\n.conteudo-ficha-4{\ndisplay: none;\n}\n.conteudo-ficha-5{\ndisplay: none;\n}\n\n .inside-article{\n   font-family: \"ppppangrams-compact\", Arial, sans-serif;\n}\n\n.sp-tab__section_title_852 {\ndisplay:none !important;\n}\n.separate-containers .inside-article{\npadding-top: 0px;\n}\n.no-sidebar:not(.archive):not(.blog) .inside-article > *{\nmax-width: 1000px;\n}\n.titulo-tab{\nfont-family: \"ppppangrams-bold\", Arial, sans-serif;\nfont-size: 5rem;\ncolor:#000;\n    text-decoration: underline 2px;\n    text-decoration-skip-ink: none;\ntext-underline-position: from-font;\nmargin-bottom:0px;\n-webkit-text-decoration-line: underline;\n}\n.credito-tab{\nfont-size: 10px;\n    flex: 1;\n    align-self: flex-end;\n}\n.tabela2{\nheight: 75vh;\n}\n\n\/*COMENTADO TER\u00c7A #sp-wp-tabs-wrapper_1713 .sp-tab__nav{\njustify-content: flex-start !important;\n    position: relative;\n    margin-left: 33% !important;\n}\n@media (min-width: 2560px)  {\n #sp-wp-tabs-wrapper_1713 .sp-tab__nav{\n   margin-left: 25% !important;\n }\n} *\/\n\n\/*BOLD NO ANO DA TABELA*\/\n.sp-tab__tab_title{font-family: \"ppppangrams-bold\", Arial, sans-serif;}\n\n@media (max-width: 767px)  {\n.titulo-tab{font-family: \"ppppangrams-bold\", Arial, sans-serif; font-size:3.0rem}\nimg{\n    position: relative;\n    margin-top: -1px;\n}\n}\n\n.conteudo-ficha{padding-top: 00px;}\n\/*COMENTADO TER\u00c7A .ficha{height:250px;} *\/\n\n\/*ESPACAMENTO PARAGRAFO*\/\n.projeto-pad p{margin-bottom:10px;}\n\/*RETIRAR ESPACAMENTO ENTRE IMAGENS*\/\n.descricao-2 figure{margin-bottom: -8px;}\n\n.imagem-esquerda{padding-right:0px}\n.imagem-direita{padding-left:0px;}\n\n<\/style>\n\n\n<style id=\"sp_tab_dynamic_style1713\">#sp-wp-tabs-wrapper_1713 .sp-tab__nav {justify-content: start;}#sp-wp-tabs-wrapper_1713.sp-tab__lay-default.sp-tab__horizontal-bottom {display: flex;flex-direction: column-reverse;}#sp-wp-tabs-wrapper_1713.sp-tab__lay-default.sp-tab__horizontal-bottom > ul {border-top: 1px solid #ffffff;border-bottom: 0;margin-top: 0;}#sp-wp-tabs-wrapper_1713.sp-tab__lay-default.sp-tab__horizontal-bottom > ul > li label.sp-tab__active {border-color: transparent #ffffff#ffffff;margin-top: -1px;}#sp-wp-tabs-wrapper_1713.sp-tab__lay-default.sp-tab__horizontal-bottom > ul > li label,#sp-wp-tabs-wrapper_1713.sp-tab__lay-default.sp-tab__horizontal-bottom > ul > li a,#sp-wp-tabs-wrapper_1713.sp-tab__lay-default.sp-tab__horizontal-bottom > ul > .sp-tab__nav-item {border-top: 0;border-top-left-radius: 0;border-top-right-radius: 0;border-bottom-left-radius: 0px;border-bottom-right-radius: 0px;}#sp-wp-tabs-wrapper_1713.sp-tab__lay-default.sp-tab__horizontal-bottom > ul {border-bottom: none;}#sp-wp-tabs-wrapper_1713.sp-tab__lay-default.sp-tab__horizontal-bottom .sp-tab__tab-content .sp-tab__tab-pane {border-top: 0px none #ffffff;border-bottom: 0;}#sp-wp-tabs-wrapper_1713.sp-tab__lay-default .sp-tab__tab-content .sp-tab-content > ul,#sp-wp-tabs-wrapper_1713.sp-tab__lay-default .sp-tab__tab-content .sp-tab-content > ol {border-bottom: none;}#sp-wp-tabs-wrapper_1713 > .sp-tab__nav-tabs .sp-tab__nav-link.sp-tab__active .sp-tab__tab_title,#sp-wp-tabs-wrapper_1713.sp-tab__lay-default label > .sp-tab__card-header {color: #11fb02;}#sp-wp-tabs-wrapper_1713 > .sp-tab__nav-tabs > .sp-tab__nav-item.show .sp-tab__nav-link,#sp-wp-tabs-wrapper_1713 > .sp-tab__nav-tabs > .sp-tab__nav-item .sp-tab__nav-link.sp-tab__active,#sp-wp-tabs-wrapper_1713.sp-tab__lay-default label > .sp-tab__card-header {background-color: #fff;}#sp-wp-tabs-wrapper_1713 .sp-tab__nav-tabs .sp-tab__nav-item.show .sp-tab__nav-link,#sp-wp-tabs-wrapper_1713.sp-tab__lay-default ul li label.sp-tab__active {border-color: #ffffff#ffffff transparent;}#sp-wp-tabs-wrapper_1713.sp-tab__lay-default > ul > li > label,#sp-wp-tabs-wrapper_1713.sp-tab__lay-default > ul > li > a {cursor: pointer;border-color: #ffffff;padding-top: 15px;padding-right: 15px;padding-bottom: 15px;padding-left: 15px;}#sp-wp-tabs-wrapper_1713 > .sp-tab__nav-tabs .sp-tab__nav-link {border: 1px none #ffffff;height: 100%;}#sp-wp-tabs-wrapper_1713.sp-tab__lay-default > ul > li label,#sp-wp-tabs-wrapper_1713.sp-tab__lay-default > ul > li a,#sp-wp-tabs-wrapper_1713.sp-tab__lay-default > ul > .sp-tab__nav-item {border-top-left-radius: 0px;border-top-right-radius: 0px;}#sp-wp-tabs-wrapper_1713 .sp-tab__nav-tabs .sp-tab__nav-item {margin-bottom: -1px; }#sp-wp-tabs-wrapper_1713.sp-tab__lay-default > ul .sp-tab__nav-item,#sp-wp-tabs-wrapper_1713.sp-tab__lay-default label.collapsed > .sp-tab__card-header {background-color: #ffffff;}#sp-wp-tabs-wrapper_1713.sp-tab__lay-default > ul .sp-tab__nav-item {margin-right: 10px;margin-top: 5px;}#sp-wp-tabs-wrapper_1713.sp-tab__lay-default > ul .sp-tab__nav-item:last-child {margin-right: 0;}#sp-wp-tabs-wrapper_1713.sp-tab__lay-default > ul .sp-tab__nav-item label:hover .sp-tab__tab_title,#sp-wp-tabs-wrapper_1713.sp-tab__lay-default > ul .sp-tab__nav-item a:hover .sp-tab__tab_title,#sp-wp-tabs-wrapper_1713.sp-tab__lay-default label.collapsed .sp-tab__card-header:hover {color: #11fb02;transition: .3s;}#sp-wp-tabs-wrapper_1713.sp-tab__lay-default > ul .sp-tab__nav-item:hover,#sp-wp-tabs-wrapper_1713.sp-tab__lay-default label.collapsed > .sp-tab__card-header:hover {background-color: #fff;}#sp-wp-tabs-wrapper_1713.sp-tab__lay-default > .sp-tab__tab-content .sp-tab__tab-pane {border: 0px none #ffffff;padding-top: 20px;padding-right: 20px;padding-bottom: 20px;padding-left: 20px;border-top: 0px;background-color: #ffffff;}#sp-wp-tabs-wrapper_1713.sp-tab__lay-default > ul {border-bottom: 0px none #ffffff;}@media(max-width:480px) {#sp-wp-tabs-wrapper_1713.sp-tab__lay-default > ul li.sp-tab__nav-item {width: 100%;margin-right: 0px;}#sp-wp-tabs-wrapper_1713.sp-tab__lay-default > ul li.sp-tab__nav-item:last-child {margin-bottom: -1px;}}#poststuff h2.sp-tab__section_title_1713, h2.sp-tab__section_title_1713 ,.editor-styles-wrapper .wp-block h2.sp-tab__section_title_1713{margin-bottom: 30px !important;font-weight: 600;font-style: normal;font-size: 28px;line-height: 28px;letter-spacing: 0px;color: #444444;}#sp-wp-tabs-wrapper_1713.sp-tab__lay-default > ul .sp-tab__nav-item .sp-tab__tab_title,#sp-wp-tabs-wrapper_1713.sp-tab__lay-default label.collapsed > .sp-tab__card-header {font-weight: 600;font-style: normal;font-size: 16px;line-height: 22px;letter-spacing: 0px;color: #444;margin: 0px;}#sp-wp-tabs-wrapper_1713.sp-tab__lay-default > .sp-tab__tab-content .sp-tab__tab-pane {font-weight: 400;font-style: normal;font-size: 16px;line-height: 24px;letter-spacing: 0px;color: #444;}#sp-wp-tabs-wrapper_1713.sp-tab__lay-default > .sp-tab__tab-content .sp-tab__tab-pane ul li a, #sp-wp-tabs-wrapper_1713.sp-tab__lay-default .sp-tab__tab-content .sp-tab__tab-pane ol li a {color: #444;}<\/style>\t<h2 class=\"sp-tab__section_title_1713\"> festa da luz<\/h2>\n\t\t\t<div id=\"sp-wp-tabs-wrapper_1713\" class=\"sp-tab__lay-default\" data-preloader=\"0\" data-activemode=\"tabs-activator-event-click\">\n\t\t\t<ul class=\"sp-tab__nav sp-tab__nav-tabs\" id=\"sp-tab__ul\" role=\"tablist\">\n\t\t\t\t<li class=\"sp-tab__nav-item\" role=\"navigation\">\n\t\t\t\t<label class=\"sp-tab__nav-link sp-tab__active\" data-sptoggle=\"tab\" for=\"#tab-17131\" role=\"tab\" aria-controls=tab-17131 aria-selected=false>\n\t\t\t\t\t<span class=\"tab_title_area\"><H4 class=\"sp-tab__tab_title\">2021<\/H4><\/span>\n\t\t\t\t<\/label>\n\t\t\t<\/li>\n\t\t\t\t\t\t<li class=\"sp-tab__nav-item\" role=\"navigation\">\n\t\t\t\t<label class=\"sp-tab__nav-link\" data-sptoggle=\"tab\" for=\"#tab-17132\" role=\"tab\" aria-controls=tab-17132 aria-selected=false>\n\t\t\t\t\t<span class=\"tab_title_area\"><H4 class=\"sp-tab__tab_title\">2022<\/H4><\/span>\n\t\t\t\t<\/label>\n\t\t\t<\/li>\n\t\t\t\t\t\t<li class=\"sp-tab__nav-item\" role=\"navigation\">\n\t\t\t\t<label class=\"sp-tab__nav-link\" data-sptoggle=\"tab\" for=\"#tab-17133\" role=\"tab\" aria-controls=tab-17133 aria-selected=false>\n\t\t\t\t\t<span class=\"tab_title_area\"><H4 class=\"sp-tab__tab_title\">2023<\/H4><\/span>\n\t\t\t\t<\/label>\n\t\t\t<\/li>\n\t\t\t\t\t\t<li class=\"sp-tab__nav-item\" role=\"navigation\">\n\t\t\t\t<label class=\"sp-tab__nav-link\" data-sptoggle=\"tab\" for=\"#tab-17134\" role=\"tab\" aria-controls=tab-17134 aria-selected=false>\n\t\t\t\t\t<span class=\"tab_title_area\"><H4 class=\"sp-tab__tab_title\">2024<\/H4><\/span>\n\t\t\t\t<\/label>\n\t\t\t<\/li>\n\t\t\t<\/ul>\n<div class=\"sp-tab__tab-content\">\n\t\t\t\t<div id=\"tab-17131\" class=\"sp-tab__tab-pane sp-tab__show sp-tab__active\" role=\"tabpanel\">\n\t\t\t\t\t<div class=\"sp-tab-content\"><div class=\"row\">\n<div class=\"col-sm descricao-2\">\n<div class=\"row projeto-pad\">\n<div class=\"col-sm\">\n<div>\n<h2 class=\"titulo-tab\">festa da luz<\/h2>\n<\/div>\n<div class=\"credito-tab\">[edici\u00f3n <em><strong>2021<\/strong><strong>]<\/strong><\/em> Hipercentro de Belo Horizonte, MG | Brasil<\/div>\n<\/div>\n<\/div>\n<p>&nbsp;<\/p>\n<div class=\"projeto-pad\">\n<p>Festa da Luz de Belo Horizonte ocupa y resignifica el entorno urbano con trabajos art\u00edsticos que utilizan la luz como materia prima. A trav\u00e9s de presentaciones de video mapping, instalaciones luminosas espec\u00edficas del sitio y actuaciones de artistas mineiros, brasile\u00f1os e internacionales, la Festa da Luz crea un di\u00e1logo \u00fanico entre arte, tecnolog\u00eda y patrimonio. Adem\u00e1s, ofrece al p\u00fablico la posibilidad de experimentar el arte en el hipercentro de la ciudad, formando un gran circuito p\u00fablico de arte y luz al aire libre.<br \/>\nEn la 1\u00aa edici\u00f3n de la Festa da Luz, realizada en octubre de 2021, presentamos un circuito in\u00e9dito de arte p\u00fablico en el hipercentro de BH con seis instalaciones, tres puntos de video mapping con 15 VJs en tres espacios ic\u00f3nicos para la arquitectura de la ciudad. Sum\u00e1ndose al circuito de arte p\u00fablico, el festival tambi\u00e9n llev\u00f3 a cabo tres talleres gratuitos en las \u00e1reas de arte, tecnolog\u00eda y reflexi\u00f3n sobre la ocupaci\u00f3n del espacio p\u00fablico.<\/p>\n<\/div>\n<p>&nbsp;<\/p>\n<div id=\"btn-div\">\n<p><span id=\"texto-opaco\" style=\"\/*position: absolute; bottom: 20%; font-size: 24px;\"><strong style=\"font-family: ppppangrams-bold, Arial, sans-serif;\">ficha t\u00e9cnica\u00a0 \u00a0 <img decoding=\"async\" id=\"img-olho\" class=\"\" src=\"https:\/\/publica.art\/es\/wp-content\/uploads\/2023\/08\/olho-ficha.png\" width=\"75\" height=\"44\" \/><\/strong><\/span><\/p>\n<\/div>\n<div id=\"ficha\" class=\"ficha\">\n<div class=\"conteudo-ficha\">\n<div class=\"fic\">\n<p>Direcci\u00f3n art\u00edstica y de producci\u00f3n: P\u00fablica, Casinha y H\u00edbrido<br \/>\nCoordinaci\u00f3n de producci\u00f3n: Dalila Bastos<br \/>\nCoordinaci\u00f3n de comunicaci\u00f3n: Tet\u00ea Procopio<br \/>\nFotograf\u00eda: Isis Medeiros y Daniela Paoliello<br \/>\nVideo: Eduardo Drummond<br \/>\nProducci\u00f3n art\u00edstica: Pantera<br \/>\nArtistas de video mapping: Bianca Turner, Carol Santana, Ani Haze, Bah, Not\u00edvago, Biarritzzz, Video Makino, Grazzi, Le Pantoja, Valentino Kmentt, Alinex, Coletivo Coletores, Keila Sankofa, Laura Campestrini e Mary Gatis<br \/>\nArtistas de instalaciones: 1mpar, Homem Gaiola e Denilson Baniwa, Goma, Concei\u00e7\u00e3o Evaristo, Duas Ideias e Bel e Jo\u00e3o Diniz<br \/>\nOficiantes: Valentino Kmentt, Coletivo Projetemos, Naine Terena e Aldones Nino<br \/>\nPatrocinio: Beck's, Cemig e Lei Estadual de Incentivo \u00e0 Cultura<br \/>\nRealizaci\u00f3n: Casinha, H\u00edbrido e P\u00fablica<\/p>\n<\/div>\n<\/div>\n<\/div>\n<p>&nbsp;<\/p>\n<p><img decoding=\"async\" class=\"alignnone wp-image-1269 size-full\" src=\"https:\/\/publica.art\/es\/wp-content\/uploads\/2023\/09\/fdl-2021-01.jpg\" alt=\"\" width=\"2560\" height=\"1707\" \/><\/p>\n<p><img decoding=\"async\" class=\"alignnone wp-image-1270 size-full\" src=\"https:\/\/publica.art\/es\/wp-content\/uploads\/2023\/09\/fdl-2021-02.jpg\" alt=\"\" width=\"1702\" height=\"2560\" \/><\/p>\n<p><img decoding=\"async\" class=\"alignnone wp-image-1271 size-full\" src=\"https:\/\/publica.art\/es\/wp-content\/uploads\/2023\/09\/fdl-2021-03.jpg\" alt=\"\" width=\"2560\" height=\"1440\" \/><\/p>\n<p><img decoding=\"async\" class=\"alignnone wp-image-1271 size-full\" src=\"https:\/\/publica.art\/es\/wp-content\/uploads\/2023\/09\/fdl-2021-04.jpg\" alt=\"\" width=\"2560\" height=\"1440\" \/><\/p>\n<p><img decoding=\"async\" class=\"alignnone wp-image-1271 size-full\" src=\"https:\/\/publica.art\/es\/wp-content\/uploads\/2023\/09\/fdl-2021-05.jpg\" alt=\"\" width=\"2560\" height=\"1440\" \/><\/p>\n<p><img decoding=\"async\" class=\"alignnone wp-image-1274 size-full\" src=\"https:\/\/publica.art\/es\/wp-content\/uploads\/2023\/09\/fdl-2021-06.jpg\" alt=\"\" width=\"1616\" height=\"1080\" \/><\/p>\n<p><img decoding=\"async\" class=\"alignnone wp-image-1271 size-full\" src=\"https:\/\/publica.art\/es\/wp-content\/uploads\/2023\/09\/fdl-2021-07.jpg\" alt=\"\" width=\"2560\" height=\"1440\" \/><\/p>\n<p><img decoding=\"async\" class=\"alignnone wp-image-1271 size-full\" src=\"https:\/\/publica.art\/es\/wp-content\/uploads\/2023\/09\/fdl-2021-08.jpg\" alt=\"\" width=\"2560\" height=\"1440\" \/><\/p>\n<p><img decoding=\"async\" class=\"alignnone wp-image-1271 size-full\" src=\"https:\/\/publica.art\/es\/wp-content\/uploads\/2023\/09\/fdl-2021-09.jpg\" alt=\"\" width=\"2560\" height=\"1440\" \/><\/p>\n<p><img decoding=\"async\" class=\"alignnone wp-image-1271 size-full\" src=\"https:\/\/publica.art\/es\/wp-content\/uploads\/2023\/09\/fdl-2021-10.jpg\" alt=\"\" width=\"2560\" height=\"1440\" \/><\/p>\n<\/div>\n<\/div>\n<\/div>\n\t\t\t\t<\/div>\n\t\t\t\t\t\t\t\t<div id=\"tab-17132\" class=\"sp-tab__tab-pane \" role=\"tabpanel\">\n\t\t\t\t\t<div class=\"sp-tab-content\"><div class=\"row\">\n<div class=\"col-sm descricao-2\">\n<div class=\"row projeto-pad\">\n<div class=\"col-sm\">\n<div>\n<h2 class=\"titulo-tab\">festa da luz + sensacional<\/h2>\n<\/div>\n<div class=\"credito-tab\">[edici\u00f3n<strong><em>2022<\/em><\/strong><strong><em>]<\/em><\/strong> Festival Sensacional, Belo Horizonte, MG | Brasil<\/div>\n<\/div>\n<\/div>\n<p>&nbsp;<\/p>\n<div class=\"projeto-pad\">\n<p>En una colaboraci\u00f3n entre la Festa da Luz y Sensacional, presentamos la obra \"Drusa\", de Manu Grossi y MIR. Con la idea de ofrecer una experiencia inmersiva y provocativa en el festival, la obra cautiv\u00f3 con la posibilidad de colores y escenarios producidos, ya que estaba compuesta por cinco inflables de hasta cinco metros de altura en forma de cristales que eran controlados por las personas mediante gestos de las manos, permitiendo controlar colores, ritmos y patrones de luces.<\/p>\n<\/div>\n<p>&nbsp;<\/p>\n<div id=\"btn-div-2\">\n<p><span id=\"texto-opaco-2\" style=\"\/*position: absolute; bottom: 20%; font-size: 24px;\"><strong style=\"font-family: ppppangrams-bold, Arial, sans-serif;\">ficha t\u00e9cnica\u00a0 \u00a0 <img decoding=\"async\" id=\"img-olho\" class=\"\" src=\"https:\/\/publica.art\/es\/wp-content\/uploads\/2023\/08\/olho-ficha.png\" width=\"75\" height=\"44\" \/><\/strong><\/span><\/p>\n<\/div>\n<div id=\"ficha-2\" class=\"ficha\">\n<div class=\"conteudo-ficha-2\">\n<div class=\"fic\">\n<p>Direcci\u00f3n art\u00edstica: Juliana Flores<br \/>\nArtistas: Manu Grossi e MIR Est\u00fadio<br \/>\nDesenvolvimento de projeto: Ricardo Bizafra<br \/>\nProjeto comissionado para o Festival Sensacional<br \/>\nRealizaci\u00f3n: Festa da Luz (Casinha, H\u00edbrido e P\u00fablica)<\/p>\n<\/div>\n<\/div>\n<\/div>\n<p>&nbsp;<\/p>\n<figure class=\"wp-block-video\"><video src=\"https:\/\/publica.art\/es\/wp-content\/uploads\/2023\/09\/fdl-sensacional-01.mp4\" autoplay=\"autoplay\" loop=\"loop\" width=\"1920\" height=\"auto\"><\/video><\/figure>\n<p><img decoding=\"async\" class=\"alignnone wp-image-1270 size-full\" src=\"https:\/\/publica.art\/es\/wp-content\/uploads\/2023\/09\/fdlsensacional-02.jpg\" alt=\"\" width=\"1702\" height=\"2560\" \/><\/p>\n<p><img decoding=\"async\" class=\"alignnone wp-image-1271 size-full\" src=\"https:\/\/publica.art\/es\/wp-content\/uploads\/2023\/09\/fdlsensacional-03.jpg\" alt=\"\" width=\"2560\" height=\"1440\" \/><\/p>\n<p><img decoding=\"async\" class=\"alignnone wp-image-1271 size-full\" src=\"https:\/\/publica.art\/es\/wp-content\/uploads\/2023\/09\/fdlsensacional-04.jpg\" alt=\"\" width=\"2560\" height=\"1440\" \/><\/p>\n<p><img decoding=\"async\" class=\"alignnone wp-image-1271 size-full\" src=\"https:\/\/publica.art\/es\/wp-content\/uploads\/2023\/09\/fdlsensacional-05.jpg\" alt=\"\" width=\"2560\" height=\"1440\" \/><\/p>\n<p><img decoding=\"async\" class=\"alignnone wp-image-1274 size-full\" src=\"https:\/\/publica.art\/es\/wp-content\/uploads\/2023\/09\/fdlsensacional-06.jpg\" alt=\"\" width=\"1616\" height=\"1080\" \/><\/p>\n<p><img decoding=\"async\" class=\"alignnone wp-image-1271 size-full\" src=\"https:\/\/publica.art\/es\/wp-content\/uploads\/2023\/09\/fdlsensacional-07.jpg\" alt=\"\" width=\"2560\" height=\"1440\" \/><\/p>\n<\/div>\n<\/div>\n<\/div>\n\t\t\t\t<\/div>\n\t\t\t\t\t\t\t\t<div id=\"tab-17133\" class=\"sp-tab__tab-pane \" role=\"tabpanel\">\n\t\t\t\t\t<div class=\"sp-tab-content\"><div class=\"row\">\n<div class=\"col-sm descricao-2\">\n<div class=\"row projeto-pad\">\n<div class=\"col-sm\">\n<div>\n<h2 class=\"titulo-tab\">festa da luz<\/h2>\n<\/div>\n<div class=\"credito-tab\">[edici\u00f3n<em><strong>2023<\/strong><strong>]<\/strong><\/em> Hipercentro, Belo Horizonte, MG | Brasil<\/div>\n<\/div>\n<\/div>\n<p>&nbsp;<\/p>\n<div class=\"projeto-pad\">\n<p>La 2\u00aa edici\u00f3n de la Fiesta de la Luz tuvo lugar del 10 al 14 de mayo de 2023 en Belo Horizonte con una programaci\u00f3n a\u00fan m\u00e1s espectacular, esta vez con artistas internacionales invitados. Bajo el tema \"Sue\u00f1o, Misterio e Imaginaci\u00f3n\", la Fiesta de la Luz transform\u00f3 el Centro en un gran espacio on\u00edrico con instalaciones, video mapping y una programaci\u00f3n de espect\u00e1culos.<\/p>\n<p>Patrocinadores: Beck's, Cemig, Claro y Ley Estatal de Incentivo a la Cultura.<\/p>\n<\/div>\n<p>&nbsp;<\/p>\n<div id=\"btn-div-3\">\n<p><span id=\"texto-opaco-3\" style=\"\/*position: absolute; bottom: 20%; font-size: 24px;\"><strong style=\"font-family: ppppangrams-bold, Arial, sans-serif;\">ficha t\u00e9cnica\u00a0 \u00a0 <img decoding=\"async\" id=\"img-olho\" class=\"\" src=\"https:\/\/publica.art\/es\/wp-content\/uploads\/2023\/08\/olho-ficha.png\" width=\"75\" height=\"44\" \/><\/strong><\/span><\/p>\n<\/div>\n<div id=\"ficha-3\" class=\"ficha\">\n<div class=\"conteudo-ficha-3\">\n<div class=\"fic\">\n<p>Direcci\u00f3n art\u00edstica y de producci\u00f3n: P\u00fablica, Casinha e H\u00edbrido<br \/>\nCuradoria: Juliana Flores<br \/>\nCoordena\u00e7\u00e3o de produ\u00e7\u00e3o: Dalila Bastos<br \/>\nCoordena\u00e7\u00e3o de comunica\u00e7\u00e3o: Tet\u00ea Proc\u00f3pio<br \/>\nCoordena\u00e7\u00e3o de montagem: Bruna Pardini<br \/>\nArtistas instala\u00e7\u00f5es: Akacorleone (Portugal), Marcia Kambeba (Brasil), MIR Est\u00fadio (Brasil), N\u00edvea Sabino (Brasil), Sebastien Preschoux (Fran\u00e7a) e Paula Dur\u00f3 (Argentina)<br \/>\nPerformance: Zaika dos Santos (Brasil)<br \/>\nVJs: NTHLCRVLH, Kelly Pires, Luv, Chebel, Kambo, Carol Santana, Bianca Turner, Roberta Carvalho, 1mpar, Homem Gaiola, Misteria, Bah, Deise Oliveira e Vigas<\/p>\n<\/div>\n<\/div>\n<\/div>\n<p>&nbsp;<\/p>\n<div class=\"row\">\n<div class=\"col-sm imagem-esquerda\">\n<figure class=\"wp-block-video\"><video src=\"https:\/\/publica.art\/es\/wp-content\/uploads\/2023\/09\/festa-daluz-2023-01-resize.mp4\" autoplay=\"autoplay\" loop=\"loop\" width=\"1920\" height=\"auto\"><\/video><\/figure>\n<\/div>\n<div class=\"col-sm imagem-direita\">\n<figure class=\"wp-block-video\"><video src=\"https:\/\/publica.art\/es\/wp-content\/uploads\/2023\/09\/festa-daluz-2023-02-resize.mp4\" autoplay=\"autoplay\" loop=\"loop\" width=\"1920\" height=\"auto\"><\/video><\/figure>\n<\/div>\n<\/div>\n<p><img decoding=\"async\" class=\"alignnone wp-image-1270 size-full\" src=\"https:\/\/publica.art\/es\/wp-content\/uploads\/2023\/09\/festa-daluz-2023-03.jpg\" alt=\"\" width=\"1702\" height=\"2560\" \/><\/p>\n<p><img decoding=\"async\" class=\"alignnone wp-image-1271 size-full\" src=\"https:\/\/publica.art\/es\/wp-content\/uploads\/2023\/09\/festa-daluz-2023-04.jpg\" alt=\"\" width=\"2560\" height=\"1440\" \/><\/p>\n<p><img decoding=\"async\" class=\"alignnone wp-image-1271 size-full\" src=\"https:\/\/publica.art\/es\/wp-content\/uploads\/2023\/09\/festa-daluz-2023-05.jpg\" alt=\"\" width=\"2560\" height=\"1440\" \/><\/p>\n<p><img decoding=\"async\" class=\"alignnone wp-image-1271 size-full\" src=\"https:\/\/publica.art\/es\/wp-content\/uploads\/2023\/09\/festa-daluz-2023-06.jpg\" alt=\"\" width=\"2560\" height=\"1440\" \/><\/p>\n<p><img decoding=\"async\" class=\"alignnone wp-image-1274 size-full\" src=\"https:\/\/publica.art\/es\/wp-content\/uploads\/2023\/09\/festa-daluz-2023-07.jpg\" alt=\"\" width=\"1616\" height=\"1080\" \/><\/p>\n<p><img decoding=\"async\" class=\"alignnone wp-image-1271 size-full\" src=\"https:\/\/publica.art\/es\/wp-content\/uploads\/2023\/09\/festa-daluz-2023-08.jpg\" alt=\"\" width=\"2560\" height=\"1440\" \/><\/p>\n<p><img decoding=\"async\" class=\"alignnone wp-image-1271 size-full\" src=\"https:\/\/publica.art\/es\/wp-content\/uploads\/2023\/09\/festa-daluz-2023-09.jpg\" alt=\"\" width=\"2560\" height=\"1440\" \/><\/p>\n<p><img decoding=\"async\" class=\"alignnone wp-image-1271 size-full\" src=\"https:\/\/publica.art\/es\/wp-content\/uploads\/2023\/09\/festa-daluz-2023-10.jpg\" alt=\"\" width=\"2560\" height=\"1440\" \/><\/p>\n<p><img decoding=\"async\" class=\"alignnone wp-image-1271 size-full\" src=\"https:\/\/publica.art\/es\/wp-content\/uploads\/2023\/09\/festa-daluz-2023-11.jpg\" alt=\"\" width=\"2560\" height=\"1440\" \/><\/p>\n<p><img decoding=\"async\" class=\"alignnone wp-image-1274 size-full\" src=\"https:\/\/publica.art\/es\/wp-content\/uploads\/2023\/09\/festa-daluz-2023-12.jpg\" alt=\"\" width=\"1616\" height=\"1080\" \/><\/p>\n<p><img decoding=\"async\" class=\"alignnone wp-image-1271 size-full\" src=\"https:\/\/publica.art\/es\/wp-content\/uploads\/2023\/09\/festa-daluz-2023-13.jpg\" alt=\"\" width=\"2560\" height=\"1440\" \/><\/p>\n<p><img decoding=\"async\" class=\"alignnone wp-image-1271 size-full\" src=\"https:\/\/publica.art\/es\/wp-content\/uploads\/2023\/09\/festa-daluz-2023-14.jpg\" alt=\"\" width=\"2560\" height=\"1440\" \/><\/p>\n<p><img decoding=\"async\" class=\"alignnone wp-image-1274 size-full\" src=\"https:\/\/publica.art\/es\/wp-content\/uploads\/2023\/09\/festa-daluz-2023-15.jpg\" alt=\"\" width=\"1616\" height=\"1080\" \/><\/p>\n<p><img decoding=\"async\" class=\"alignnone wp-image-1271 size-full\" src=\"https:\/\/publica.art\/es\/wp-content\/uploads\/2023\/09\/festa-daluz-2023-16.jpg\" alt=\"\" width=\"2560\" height=\"1440\" \/><\/p>\n<p><img decoding=\"async\" class=\"alignnone wp-image-1271 size-full\" src=\"https:\/\/publica.art\/es\/wp-content\/uploads\/2023\/09\/festa-daluz-2023-17.jpg\" alt=\"\" width=\"2560\" height=\"1440\" \/><\/p>\n<\/div>\n<\/div>\n<\/div>\n\t\t\t\t<\/div>\n\t\t\t\t\t\t\t\t<div id=\"tab-17134\" class=\"sp-tab__tab-pane \" role=\"tabpanel\">\n\t\t\t\t\t<div class=\"sp-tab-content\"><div class=\"row\">\n<div class=\"col-sm descricao-2\">\n<div class=\"row projeto-pad\">\n<div class=\"col-sm\">\n<div>\n<h2 class=\"titulo-tab\">festa da luz<\/h2>\n<\/div>\n<div class=\"credito-tab\">[edici\u00f3n<em><strong>2024<\/strong><strong>]<\/strong><\/em> Hipercentro, Belo Horizonte, MG | Brasil<\/div>\n<\/div>\n<\/div>\n<p>&nbsp;<\/p>\n<div class=\"projeto-pad\">\n<p>La tercera edici\u00f3n de la Festa da Luz, realizada en mayo de 2024, se inspir\u00f3 en el concepto \"convertirse en el bosque de la ciudad\", creado por Ailton Krenak. El evento explor\u00f3 formas de conectar el pensamiento del bosque con una ciudad m\u00e1s sostenible, justa y acogedora para todos. En un circuito de arte al aire libre en el hipercentro de Belo Horizonte, resignificando puntos hist\u00f3ricos y de importancia arquitect\u00f3nica de la ciudad, los visitantes pudieron disfrutar de presentaciones de video mapping, instalaciones luminosas espec\u00edficas para el sitio y performances de artistas de Minas Gerais, brasile\u00f1os e internacionales.<\/p>\n<p>Patrocinadores: Cemig y Lei Estadual de Incentivo \u00e0 Cultura<\/p>\n<\/div>\n<p>&nbsp;<\/p>\n<div id=\"btn-div-4\">\n<p><span id=\"texto-opaco-4\" style=\"bottom: 20%; font-size: 24px;\"><strong style=\"font-family: ppppangrams-bold, Arial, sans-serif;\">ficha t\u00e9cnica\u00a0 \u00a0 <img decoding=\"async\" id=\"img-olho\" class=\"\" src=\"https:\/\/publica.art\/es\/wp-content\/uploads\/2023\/08\/olho-ficha.png\" width=\"75\" height=\"44\" \/><\/strong><\/span><\/p>\n<\/div>\n<div id=\"ficha-4\" class=\"ficha\">\n<div class=\"conteudo-ficha-4\">\n<div class=\"fic\">\n<p>Curadur\u00eda: Juliana Flores<br \/>\nCoordinaci\u00f3n de producci\u00f3n: Dalila Bastos<br \/>\nCoordinaci\u00f3n de comunicaci\u00f3n: Tet\u00ea Proc\u00f3pio<br \/>\nArtistas: Bo'eda Pir\u00f5 \/ Arco-\u00edris Cobra [Arco-\u00edris Cobra] (Daiara Tukano), A vida \u00e9 uma dan\u00e7a c\u00f3smica [La vida es una danza c\u00f3smica] (Ailton Krenak), TUIVA\u00c9: O C\u00e9u Tupinamb\u00e1 [TUIVA\u00c9: El Cielo Tupinamb\u00e1] (Glic\u00e9ria Tupinamb\u00e1), Pirilampos do Planeta [Luci\u00e9rnagas del Planeta] (Pirilampos do Planeta), Plantas Pulsam [Las Plantas Pulsan] (Thiago Mazza), Mandinga [Mandinga] (Grace Pass\u00f4), Paisagens Digitais [Paisajes Digitales] (Homem Gaiola) y Ventura [Ventura] (Amanda Lobos).<\/p>\n<\/div>\n<\/div>\n<\/div>\n<div class=\"row\">\n<div class=\"col-sm imagem-esquerda\"><\/div>\n<\/div>\n<p>&nbsp;<\/p>\n<p><img decoding=\"async\" class=\"alignnone wp-image-3712 size-full\" src=\"https:\/\/publica.art\/es\/wp-content\/uploads\/2024\/09\/53743204597_ba77f8b0c9_o-scaled.jpg\" alt=\"\" width=\"2560\" height=\"1440\" srcset=\"https:\/\/publica.art\/es\/wp-content\/uploads\/2024\/09\/53743204597_ba77f8b0c9_o-scaled.jpg 2560w, https:\/\/publica.art\/es\/wp-content\/uploads\/2024\/09\/53743204597_ba77f8b0c9_o-300x169.jpg 300w, https:\/\/publica.art\/es\/wp-content\/uploads\/2024\/09\/53743204597_ba77f8b0c9_o-1024x576.jpg 1024w, https:\/\/publica.art\/es\/wp-content\/uploads\/2024\/09\/53743204597_ba77f8b0c9_o-768x432.jpg 768w, https:\/\/publica.art\/es\/wp-content\/uploads\/2024\/09\/53743204597_ba77f8b0c9_o-1536x864.jpg 1536w, https:\/\/publica.art\/es\/wp-content\/uploads\/2024\/09\/53743204597_ba77f8b0c9_o-2048x1152.jpg 2048w\" sizes=\"(max-width: 2560px) 100vw, 2560px\" \/><\/p>\n<p><img decoding=\"async\" class=\"alignnone wp-image-3714 size-full\" src=\"https:\/\/publica.art\/es\/wp-content\/uploads\/2024\/09\/53744541750_fbb78175fe_o-scaled.jpg\" alt=\"\" width=\"2560\" height=\"1440\" srcset=\"https:\/\/publica.art\/es\/wp-content\/uploads\/2024\/09\/53744541750_fbb78175fe_o-scaled.jpg 2560w, https:\/\/publica.art\/es\/wp-content\/uploads\/2024\/09\/53744541750_fbb78175fe_o-300x169.jpg 300w, https:\/\/publica.art\/es\/wp-content\/uploads\/2024\/09\/53744541750_fbb78175fe_o-1024x576.jpg 1024w, https:\/\/publica.art\/es\/wp-content\/uploads\/2024\/09\/53744541750_fbb78175fe_o-768x432.jpg 768w, https:\/\/publica.art\/es\/wp-content\/uploads\/2024\/09\/53744541750_fbb78175fe_o-1536x864.jpg 1536w, https:\/\/publica.art\/es\/wp-content\/uploads\/2024\/09\/53744541750_fbb78175fe_o-2048x1152.jpg 2048w\" sizes=\"(max-width: 2560px) 100vw, 2560px\" \/><\/p>\n<p><img decoding=\"async\" class=\"alignnone wp-image-3715 size-full\" src=\"https:\/\/publica.art\/es\/wp-content\/uploads\/2024\/09\/53746628461_8919b0db3f_o-scaled.jpg\" alt=\"\" width=\"2560\" height=\"1707\" srcset=\"https:\/\/publica.art\/es\/wp-content\/uploads\/2024\/09\/53746628461_8919b0db3f_o-scaled.jpg 2560w, https:\/\/publica.art\/es\/wp-content\/uploads\/2024\/09\/53746628461_8919b0db3f_o-300x200.jpg 300w, https:\/\/publica.art\/es\/wp-content\/uploads\/2024\/09\/53746628461_8919b0db3f_o-1024x683.jpg 1024w, https:\/\/publica.art\/es\/wp-content\/uploads\/2024\/09\/53746628461_8919b0db3f_o-768x512.jpg 768w, https:\/\/publica.art\/es\/wp-content\/uploads\/2024\/09\/53746628461_8919b0db3f_o-1536x1024.jpg 1536w, https:\/\/publica.art\/es\/wp-content\/uploads\/2024\/09\/53746628461_8919b0db3f_o-2048x1365.jpg 2048w\" sizes=\"(max-width: 2560px) 100vw, 2560px\" \/><\/p>\n<p><img decoding=\"async\" class=\"alignnone wp-image-3716 size-full\" src=\"https:\/\/publica.art\/es\/wp-content\/uploads\/2024\/09\/53743203867_828554a6e4_o-1-scaled.jpg\" alt=\"\" width=\"2560\" height=\"1440\" srcset=\"https:\/\/publica.art\/es\/wp-content\/uploads\/2024\/09\/53743203867_828554a6e4_o-1-scaled.jpg 2560w, https:\/\/publica.art\/es\/wp-content\/uploads\/2024\/09\/53743203867_828554a6e4_o-1-300x169.jpg 300w, https:\/\/publica.art\/es\/wp-content\/uploads\/2024\/09\/53743203867_828554a6e4_o-1-1024x576.jpg 1024w, https:\/\/publica.art\/es\/wp-content\/uploads\/2024\/09\/53743203867_828554a6e4_o-1-768x432.jpg 768w, https:\/\/publica.art\/es\/wp-content\/uploads\/2024\/09\/53743203867_828554a6e4_o-1-1536x864.jpg 1536w, https:\/\/publica.art\/es\/wp-content\/uploads\/2024\/09\/53743203867_828554a6e4_o-1-2048x1152.jpg 2048w\" sizes=\"(max-width: 2560px) 100vw, 2560px\" \/><\/p>\n<p><img decoding=\"async\" class=\"alignnone wp-image-3717 size-full\" src=\"https:\/\/publica.art\/es\/wp-content\/uploads\/2024\/09\/53753674901_5f917c7483_o-scaled.jpg\" alt=\"\" width=\"2560\" height=\"1707\" srcset=\"https:\/\/publica.art\/es\/wp-content\/uploads\/2024\/09\/53753674901_5f917c7483_o-scaled.jpg 2560w, https:\/\/publica.art\/es\/wp-content\/uploads\/2024\/09\/53753674901_5f917c7483_o-300x200.jpg 300w, https:\/\/publica.art\/es\/wp-content\/uploads\/2024\/09\/53753674901_5f917c7483_o-1024x683.jpg 1024w, https:\/\/publica.art\/es\/wp-content\/uploads\/2024\/09\/53753674901_5f917c7483_o-768x512.jpg 768w, https:\/\/publica.art\/es\/wp-content\/uploads\/2024\/09\/53753674901_5f917c7483_o-1536x1024.jpg 1536w, https:\/\/publica.art\/es\/wp-content\/uploads\/2024\/09\/53753674901_5f917c7483_o-2048x1365.jpg 2048w\" sizes=\"(max-width: 2560px) 100vw, 2560px\" \/><\/p>\n<p><img decoding=\"async\" class=\"alignnone wp-image-3718 size-full\" src=\"https:\/\/publica.art\/es\/wp-content\/uploads\/2024\/09\/53743243137_e0cc13deab_o-scaled.jpg\" alt=\"\" width=\"2560\" height=\"1790\" srcset=\"https:\/\/publica.art\/es\/wp-content\/uploads\/2024\/09\/53743243137_e0cc13deab_o-scaled.jpg 2560w, https:\/\/publica.art\/es\/wp-content\/uploads\/2024\/09\/53743243137_e0cc13deab_o-300x210.jpg 300w, https:\/\/publica.art\/es\/wp-content\/uploads\/2024\/09\/53743243137_e0cc13deab_o-1024x716.jpg 1024w, https:\/\/publica.art\/es\/wp-content\/uploads\/2024\/09\/53743243137_e0cc13deab_o-768x537.jpg 768w, https:\/\/publica.art\/es\/wp-content\/uploads\/2024\/09\/53743243137_e0cc13deab_o-1536x1074.jpg 1536w, https:\/\/publica.art\/es\/wp-content\/uploads\/2024\/09\/53743243137_e0cc13deab_o-2048x1432.jpg 2048w\" sizes=\"(max-width: 2560px) 100vw, 2560px\" \/><\/p>\n<p><img decoding=\"async\" class=\"alignnone wp-image-3719 size-full\" src=\"https:\/\/publica.art\/es\/wp-content\/uploads\/2024\/09\/53746281434_a8621cf15a_o-scaled.jpg\" alt=\"\" width=\"2560\" height=\"1707\" srcset=\"https:\/\/publica.art\/es\/wp-content\/uploads\/2024\/09\/53746281434_a8621cf15a_o-scaled.jpg 2560w, https:\/\/publica.art\/es\/wp-content\/uploads\/2024\/09\/53746281434_a8621cf15a_o-300x200.jpg 300w, https:\/\/publica.art\/es\/wp-content\/uploads\/2024\/09\/53746281434_a8621cf15a_o-1024x683.jpg 1024w, https:\/\/publica.art\/es\/wp-content\/uploads\/2024\/09\/53746281434_a8621cf15a_o-768x512.jpg 768w, https:\/\/publica.art\/es\/wp-content\/uploads\/2024\/09\/53746281434_a8621cf15a_o-1536x1024.jpg 1536w, https:\/\/publica.art\/es\/wp-content\/uploads\/2024\/09\/53746281434_a8621cf15a_o-2048x1365.jpg 2048w\" sizes=\"(max-width: 2560px) 100vw, 2560px\" \/><\/p>\n<p><img decoding=\"async\" class=\"alignnone wp-image-3720 size-full\" src=\"https:\/\/publica.art\/es\/wp-content\/uploads\/2024\/09\/53743230862_5f437100a0_o-scaled.jpg\" alt=\"\" width=\"2560\" height=\"1707\" srcset=\"https:\/\/publica.art\/es\/wp-content\/uploads\/2024\/09\/53743230862_5f437100a0_o-scaled.jpg 2560w, https:\/\/publica.art\/es\/wp-content\/uploads\/2024\/09\/53743230862_5f437100a0_o-300x200.jpg 300w, https:\/\/publica.art\/es\/wp-content\/uploads\/2024\/09\/53743230862_5f437100a0_o-1024x683.jpg 1024w, https:\/\/publica.art\/es\/wp-content\/uploads\/2024\/09\/53743230862_5f437100a0_o-768x512.jpg 768w, https:\/\/publica.art\/es\/wp-content\/uploads\/2024\/09\/53743230862_5f437100a0_o-1536x1024.jpg 1536w, https:\/\/publica.art\/es\/wp-content\/uploads\/2024\/09\/53743230862_5f437100a0_o-2048x1365.jpg 2048w\" sizes=\"(max-width: 2560px) 100vw, 2560px\" \/><\/p>\n<p>&nbsp;<\/p>\n<\/div>\n<\/div>\n<\/div>\n\t\t\t\t<\/div>\n\t\t\t\t<\/div>\n\t\t<\/div>\n\t\t\n\n\n\n<script>\n\nvar btn = document.getElementById('btn-div');\nvar container = document.querySelector('.conteudo-ficha');\nbtn.addEventListener('click', function() {\n    \n  if(container.style.display === 'block') {\n      container.style.display = 'none';\ndocument.getElementById(\"texto-opaco\").style.color = \"#0000ff\";\ndocument.getElementById(\"img-olho\").style.filter = \"opacity(1)\";\ndocument.getElementById(\"texto-opaco\").style.filter = \"opacity(1)\";\ndocument.getElementById(\"ficha\").style.height = \"6px\";\ndocument.getElementById(\"img-olho\").src = \"https:\/\/publica.art\/es\/wp-content\/uploads\/2023\/08\/olho-ficha.png\";\n  } else {\n      container.style.display = 'block';\ndocument.getElementById(\"texto-opaco\").style.filter = \"opacity(0.7)\";\ndocument.getElementById(\"texto-opaco\").style.color = \"#d5d1d1\";\ndocument.getElementById(\"img-olho\").style.filter = \"opacity(1)\";\ndocument.getElementById(\"ficha\").style.height = \"150px\";\ndocument.getElementById(\"img-olho\").src = \"https:\/\/publica.art\/es\/wp-content\/uploads\/2023\/09\/olho-cinza.png\";\n  }\n});\n\n<\/script>\n\n\n\n<script>\n\nvar btn2 = document.getElementById('btn-div-2');\nvar container2 = document.querySelector('.conteudo-ficha-2');\nbtn2.addEventListener('click', function() {\n    \n  if(container2.style.display === 'block') {\n      container2.style.display = 'none';\ndocument.getElementById(\"texto-opaco-2\").style.color = \"#0000ff\";\ndocument.getElementById(\"img-olho\").style.filter = \"opacity(1)\";\ndocument.getElementById(\"texto-opaco-2\").style.filter = \"opacity(1)\";\ndocument.getElementById(\"ficha-2\").style.height = \"6px\";\n  } else {\n      container2.style.display = 'block';\ndocument.getElementById(\"texto-opaco-2\").style.filter = \"opacity(0.1)\";\ndocument.getElementById(\"img-olho\").style.filter = \"opacity(0.5)\";\ndocument.getElementById(\"ficha-2\").style.height = \"100px\";\n  }\n});\n\n<\/script>\n\n\n\n<script>\n\nvar btn3 = document.getElementById('btn-div-3');\nvar container3 = document.querySelector('.conteudo-ficha-3');\nbtn3.addEventListener('click', function() {\n    \n  if(container3.style.display === 'block') {\n      container3.style.display = 'none';\ndocument.getElementById(\"texto-opaco-3\").style.color = \"#0000ff\";\ndocument.getElementById(\"img-olho\").style.filter = \"opacity(1)\";\ndocument.getElementById(\"texto-opaco-3\").style.filter = \"opacity(1)\";\ndocument.getElementById(\"ficha-3\").style.height = \"6px\";\n  } else {\n      container3.style.display = 'block';\ndocument.getElementById(\"texto-opaco-3\").style.filter = \"opacity(0.1)\";\ndocument.getElementById(\"img-olho\").style.filter = \"opacity(0.5)\";\ndocument.getElementById(\"ficha-3\").style.height = \"150px\";\n  }\n});\n\n<\/script>\n\n\n\n<script>\n\nvar btn4 = document.getElementById('btn-div-4');\nvar container4 = document.querySelector('.conteudo-ficha-4');\nbtn4.addEventListener('click', function() {\n    \n  if(container4.style.display === 'block') {\n      container4.style.display = 'none';\ndocument.getElementById(\"texto-opaco-4\").style.color = \"#0000ff\";\ndocument.getElementById(\"img-olho\").style.filter = \"opacity(1)\";\ndocument.getElementById(\"texto-opaco-4\").style.filter = \"opacity(1)\";\ndocument.getElementById(\"ficha-4\").style.height = \"6px\";\n  } else {\n      container4.style.display = 'block';\ndocument.getElementById(\"texto-opaco-4\").style.filter = \"opacity(0.1)\";\ndocument.getElementById(\"img-olho\").style.filter = \"opacity(0.5)\";\ndocument.getElementById(\"ficha-4\").style.height = \"150px\";\n  }\n});\n\n<\/script>\n","protected":false},"excerpt":{"rendered":"","protected":false},"author":1,"featured_media":0,"parent":0,"menu_order":0,"comment_status":"closed","ping_status":"closed","template":"","meta":{"footnotes":""},"class_list":{"0":"post-1714","1":"page","2":"type-page","3":"status-publish","5":"infinite-scroll-item","6":"no-featured-image-padding"},"yoast_head":"<!-- This site is optimized with the Yoast SEO plugin v21.7 - https:\/\/yoast.com\/wordpress\/plugins\/seo\/ -->\n<title>festa da luz - publica<\/title>\n<meta name=\"robots\" content=\"index, follow, max-snippet:-1, max-image-preview:large, max-video-preview:-1\" \/>\n<link rel=\"canonical\" href=\"https:\/\/publica.art\/es\/festa-da-luz\/\" \/>\n<meta property=\"og:locale\" content=\"pt_BR\" \/>\n<meta property=\"og:type\" content=\"article\" \/>\n<meta property=\"og:title\" content=\"festa da luz - publica\" \/>\n<meta property=\"og:url\" content=\"https:\/\/publica.art\/es\/festa-da-luz\/\" \/>\n<meta property=\"og:site_name\" content=\"publica\" \/>\n<meta property=\"article:modified_time\" content=\"2024-09-03T15:39:23+00:00\" \/>\n<meta name=\"twitter:card\" content=\"summary_large_image\" \/>\n<meta name=\"twitter:label1\" content=\"Est. tempo de leitura\" \/>\n\t<meta name=\"twitter:data1\" content=\"1 minuto\" \/>\n<script type=\"application\/ld+json\" class=\"yoast-schema-graph\">{\"@context\":\"https:\/\/schema.org\",\"@graph\":[{\"@type\":\"WebPage\",\"@id\":\"https:\/\/publica.art\/es\/festa-da-luz\/\",\"url\":\"https:\/\/publica.art\/es\/festa-da-luz\/\",\"name\":\"festa da luz - publica\",\"isPartOf\":{\"@id\":\"https:\/\/publica.art\/es\/#website\"},\"datePublished\":\"2023-09-01T13:43:33+00:00\",\"dateModified\":\"2024-09-03T15:39:23+00:00\",\"breadcrumb\":{\"@id\":\"https:\/\/publica.art\/es\/festa-da-luz\/#breadcrumb\"},\"inLanguage\":\"pt-BR\",\"potentialAction\":[{\"@type\":\"ReadAction\",\"target\":[\"https:\/\/publica.art\/es\/festa-da-luz\/\"]}]},{\"@type\":\"BreadcrumbList\",\"@id\":\"https:\/\/publica.art\/es\/festa-da-luz\/#breadcrumb\",\"itemListElement\":[{\"@type\":\"ListItem\",\"position\":1,\"name\":\"In\u00edcio\",\"item\":\"https:\/\/publica.art\/es\/\"},{\"@type\":\"ListItem\",\"position\":2,\"name\":\"festa da luz\"}]},{\"@type\":\"WebSite\",\"@id\":\"https:\/\/publica.art\/es\/#website\",\"url\":\"https:\/\/publica.art\/es\/\",\"name\":\"publica\",\"description\":\"&lt;s&gt;&lt;i&gt;[agencia&lt;\/i&gt; de&lt;\/s&gt; &lt;b&gt;arte&lt;i&gt;]&lt;\/i&gt;&lt;\/b&gt;\",\"publisher\":{\"@id\":\"https:\/\/publica.art\/es\/#organization\"},\"potentialAction\":[{\"@type\":\"SearchAction\",\"target\":{\"@type\":\"EntryPoint\",\"urlTemplate\":\"https:\/\/publica.art\/es\/?s={search_term_string}\"},\"query-input\":\"required name=search_term_string\"}],\"inLanguage\":\"pt-BR\"},{\"@type\":\"Organization\",\"@id\":\"https:\/\/publica.art\/es\/#organization\",\"name\":\"publica\",\"url\":\"https:\/\/publica.art\/es\/\",\"logo\":{\"@type\":\"ImageObject\",\"inLanguage\":\"pt-BR\",\"@id\":\"https:\/\/publica.art\/es\/#\/schema\/logo\/image\/\",\"url\":\"https:\/\/publica.art\/es\/wp-content\/uploads\/2023\/06\/site-publica-23-11.png\",\"contentUrl\":\"https:\/\/publica.art\/es\/wp-content\/uploads\/2023\/06\/site-publica-23-11.png\",\"width\":259,\"height\":517,\"caption\":\"publica\"},\"image\":{\"@id\":\"https:\/\/publica.art\/es\/#\/schema\/logo\/image\/\"}}]}<\/script>\n<!-- \/ Yoast SEO plugin. -->","yoast_head_json":{"title":"festa da luz - publica","robots":{"index":"index","follow":"follow","max-snippet":"max-snippet:-1","max-image-preview":"max-image-preview:large","max-video-preview":"max-video-preview:-1"},"canonical":"https:\/\/publica.art\/es\/festa-da-luz\/","og_locale":"pt_BR","og_type":"article","og_title":"festa da luz - publica","og_url":"https:\/\/publica.art\/es\/festa-da-luz\/","og_site_name":"publica","article_modified_time":"2024-09-03T15:39:23+00:00","twitter_card":"summary_large_image","twitter_misc":{"Est. tempo de leitura":"1 minuto"},"schema":{"@context":"https:\/\/schema.org","@graph":[{"@type":"WebPage","@id":"https:\/\/publica.art\/es\/festa-da-luz\/","url":"https:\/\/publica.art\/es\/festa-da-luz\/","name":"festa da luz - publica","isPartOf":{"@id":"https:\/\/publica.art\/es\/#website"},"datePublished":"2023-09-01T13:43:33+00:00","dateModified":"2024-09-03T15:39:23+00:00","breadcrumb":{"@id":"https:\/\/publica.art\/es\/festa-da-luz\/#breadcrumb"},"inLanguage":"pt-BR","potentialAction":[{"@type":"ReadAction","target":["https:\/\/publica.art\/es\/festa-da-luz\/"]}]},{"@type":"BreadcrumbList","@id":"https:\/\/publica.art\/es\/festa-da-luz\/#breadcrumb","itemListElement":[{"@type":"ListItem","position":1,"name":"In\u00edcio","item":"https:\/\/publica.art\/es\/"},{"@type":"ListItem","position":2,"name":"festa da luz"}]},{"@type":"WebSite","@id":"https:\/\/publica.art\/es\/#website","url":"https:\/\/publica.art\/es\/","name":"publica","description":"&lt;s&gt;&lt;i&gt;[agencia&lt;\/i&gt; de&lt;\/s&gt; &lt;b&gt;arte&lt;i&gt;]&lt;\/i&gt;&lt;\/b&gt;","publisher":{"@id":"https:\/\/publica.art\/es\/#organization"},"potentialAction":[{"@type":"SearchAction","target":{"@type":"EntryPoint","urlTemplate":"https:\/\/publica.art\/es\/?s={search_term_string}"},"query-input":"required name=search_term_string"}],"inLanguage":"pt-BR"},{"@type":"Organization","@id":"https:\/\/publica.art\/es\/#organization","name":"publica","url":"https:\/\/publica.art\/es\/","logo":{"@type":"ImageObject","inLanguage":"pt-BR","@id":"https:\/\/publica.art\/es\/#\/schema\/logo\/image\/","url":"https:\/\/publica.art\/es\/wp-content\/uploads\/2023\/06\/site-publica-23-11.png","contentUrl":"https:\/\/publica.art\/es\/wp-content\/uploads\/2023\/06\/site-publica-23-11.png","width":259,"height":517,"caption":"publica"},"image":{"@id":"https:\/\/publica.art\/es\/#\/schema\/logo\/image\/"}}]}},"_links":{"self":[{"href":"https:\/\/publica.art\/es\/wp-json\/wp\/v2\/pages\/1714","targetHints":{"allow":["GET"]}}],"collection":[{"href":"https:\/\/publica.art\/es\/wp-json\/wp\/v2\/pages"}],"about":[{"href":"https:\/\/publica.art\/es\/wp-json\/wp\/v2\/types\/page"}],"author":[{"embeddable":true,"href":"https:\/\/publica.art\/es\/wp-json\/wp\/v2\/users\/1"}],"replies":[{"embeddable":true,"href":"https:\/\/publica.art\/es\/wp-json\/wp\/v2\/comments?post=1714"}],"version-history":[{"count":45,"href":"https:\/\/publica.art\/es\/wp-json\/wp\/v2\/pages\/1714\/revisions"}],"predecessor-version":[{"id":3732,"href":"https:\/\/publica.art\/es\/wp-json\/wp\/v2\/pages\/1714\/revisions\/3732"}],"wp:attachment":[{"href":"https:\/\/publica.art\/es\/wp-json\/wp\/v2\/media?parent=1714"}],"curies":[{"name":"wp","href":"https:\/\/api.w.org\/{rel}","templated":true}]}}