{"id":1197,"date":"2023-08-22T16:58:45","date_gmt":"2023-08-22T19:58:45","guid":{"rendered":"https:\/\/publica.art\/es\/?page_id=1197"},"modified":"2024-07-26T21:36:59","modified_gmt":"2024-07-27T00:36:59","slug":"cura","status":"publish","type":"page","link":"https:\/\/publica.art\/es\/cura\/","title":{"rendered":"cura"},"content":{"rendered":"\n<style>\n\n\/*RETIRAR BORDAS LATERAIS DA DESCRI\u00c7\u00c3O*\/\n.projeto-pad{padding:0px;}\n\n#menu-item-279 a {color: #0000ff !important; font-weight:bold;}\n\n#menu-item-186{\n    background-image: url(https:\/\/publica.art\/es\/wp-content\/uploads\/2024\/07\/PROYECTOS_BIC.png);\n    background-size:344px 77px;\n    background-repeat: no-repeat;\n    background-position:0 -3px, center;\n    height:83px;\n}\n#menu-item-186 > a{filter: opacity(0.2);}\n\/*DEIXAR A GRAFIA DE PROJETO MAIS VISIVEL. PODE DEIXAR EM #FFFFFF PARA FICAR MAIS PALIDO*\/\n.main-navigation .main-nav ul li[class*=\"current-menu-\"] > a{\n\/\/background-color: #ffffff00;\ncolor: #000000d3;\n}\n\n.conteudo-ficha{\ndisplay: none;\n}\n.conteudo-ficha-2{\ndisplay: none;\n}\n.conteudo-ficha-3{\ndisplay: none;\n}\n.conteudo-ficha-4{\ndisplay: none;\n}\n.conteudo-ficha-5{\ndisplay: none;\n}\n\n .inside-article{\n   font-family: \"ppppangrams-compact\", Arial, sans-serif;\n}\n\n.sp-tab__section_title_852 {\ndisplay:none !important;\n}\n.separate-containers .inside-article{\npadding-top: 0px;\n}\n.no-sidebar:not(.archive):not(.blog) .inside-article > *{\nmax-width: 1000px;\n}\n.titulo-tab{\nfont-family: \"ppppangrams-bold\", Arial, sans-serif;\nfont-size: 5rem;\ncolor:#000;\n    text-decoration: underline 2px;\n    text-decoration-skip-ink: none;\ntext-underline-position: from-font;\nmargin-bottom:0px;\n-webkit-text-decoration-line: underline;\n}\n.credito-tab{\nfont-size: 10px;\n    flex: 1;\n    align-self: flex-end;\n}\n.tabela2{\nheight: 75vh;\n}\n\/*ALINHAR ANOS AO CONTE\u00daDO DE PROJETOS*\/\n\/*COMENTADO TER\u00c7A @media (max-width: 2559px)  {\n#sp-wp-tabs-wrapper_1196 .sp-tab__nav{\njustify-content: flex-start !important;\n    position: relative;\n    margin-left: 33% !important;\n}\n}\n@media (min-width: 2560px)  {\n#sp-wp-tabs-wrapper_1196 .sp-tab__nav{\n   margin-left: 25% !important;\n }\n} *\/\n\n\/*BOLD NO ANO DA TABELA*\/\n.sp-tab__tab_title{font-family: \"ppppangrams-bold\", Arial, sans-serif;}\n\n@media (max-width: 767px)  {\n.titulo-tab{font-family: \"ppppangrams-bold\", Arial, sans-serif; font-size: 3.0rem;}\n}\n\n.conteudo-ficha{padding-top: 100px;}\n\/*COMENTADO TER\u00c7A .ficha{height:250px;} *\/\n\n.imagem-esquerda{padding-right:0px}\n.imagem-direita{padding-left:0px;}\n\n\n@media (max-width: 767px){\n #ficha, #fichav2, .ficha{height: 60px;}\n.sp-tab__nav, #sp-wp-tabs-wrapper_1196 .sp-tab__nav{\n\t\tjustify-content: flex-start !important; \n     position: relative !important; \n\t\tmargin-left: 0% !important;\n\t}\n.descricao-2::-webkit-scrollbar {\n    width: 0px;\n}\n.ficha-desktop{display: none !important;}\n.ficha-mobile{display: block !important;}\n.descricao-2{padding-top: 0px !important;}\n.ficha{max-width: 350px !important;}\n\n\n}\n\n@media (min-width: 769px){\n.ficha-desktop{display: block !important;}\n.ficha-mobile{display: none !important;}\n}\n\n.ficha{max-width: 50%;}\n.fic{ text-align:left; margin-right:10px;}\n\n<\/style>\n\n\n<style id=\"sp_tab_dynamic_style1196\">#sp-wp-tabs-wrapper_1196 .sp-tab__nav {justify-content: start;}#sp-wp-tabs-wrapper_1196.sp-tab__lay-default.sp-tab__horizontal-bottom {display: flex;flex-direction: column-reverse;}#sp-wp-tabs-wrapper_1196.sp-tab__lay-default.sp-tab__horizontal-bottom > ul {border-top: 0px solid #f4f4f4;border-bottom: 0;margin-top: 0;}#sp-wp-tabs-wrapper_1196.sp-tab__lay-default.sp-tab__horizontal-bottom > ul > li label.sp-tab__active {border-color: transparent #f4f4f4#f4f4f4;margin-top: -0px;}#sp-wp-tabs-wrapper_1196.sp-tab__lay-default.sp-tab__horizontal-bottom > ul > li label,#sp-wp-tabs-wrapper_1196.sp-tab__lay-default.sp-tab__horizontal-bottom > ul > li a,#sp-wp-tabs-wrapper_1196.sp-tab__lay-default.sp-tab__horizontal-bottom > ul > .sp-tab__nav-item {border-top: 0;border-top-left-radius: 0;border-top-right-radius: 0;border-bottom-left-radius: 2px;border-bottom-right-radius: 2px;}#sp-wp-tabs-wrapper_1196.sp-tab__lay-default.sp-tab__horizontal-bottom > ul {border-bottom: none;}#sp-wp-tabs-wrapper_1196.sp-tab__lay-default.sp-tab__horizontal-bottom .sp-tab__tab-content .sp-tab__tab-pane {border-top: 0px none #ffffff;border-bottom: 0;}#sp-wp-tabs-wrapper_1196.sp-tab__lay-default .sp-tab__tab-content .sp-tab-content > ul,#sp-wp-tabs-wrapper_1196.sp-tab__lay-default .sp-tab__tab-content .sp-tab-content > ol {border-bottom: none;}#sp-wp-tabs-wrapper_1196 > .sp-tab__nav-tabs .sp-tab__nav-link.sp-tab__active .sp-tab__tab_title,#sp-wp-tabs-wrapper_1196.sp-tab__lay-default label > .sp-tab__card-header {color: #444;}#sp-wp-tabs-wrapper_1196 > .sp-tab__nav-tabs > .sp-tab__nav-item.show .sp-tab__nav-link,#sp-wp-tabs-wrapper_1196 > .sp-tab__nav-tabs > .sp-tab__nav-item .sp-tab__nav-link.sp-tab__active,#sp-wp-tabs-wrapper_1196.sp-tab__lay-default label > .sp-tab__card-header {background-color: #fff;}#sp-wp-tabs-wrapper_1196 .sp-tab__nav-tabs .sp-tab__nav-item.show .sp-tab__nav-link,#sp-wp-tabs-wrapper_1196.sp-tab__lay-default ul li label.sp-tab__active {border-color: #f4f4f4#f4f4f4 transparent;}#sp-wp-tabs-wrapper_1196.sp-tab__lay-default > ul > li > label,#sp-wp-tabs-wrapper_1196.sp-tab__lay-default > ul > li > a {cursor: pointer;border-color: #f4f4f4;padding-top: 15px;padding-right: 15px;padding-bottom: 15px;padding-left: 15px;}#sp-wp-tabs-wrapper_1196 > .sp-tab__nav-tabs .sp-tab__nav-link {border: 0px none #f4f4f4;height: 100%;}#sp-wp-tabs-wrapper_1196.sp-tab__lay-default > ul > li label,#sp-wp-tabs-wrapper_1196.sp-tab__lay-default > ul > li a,#sp-wp-tabs-wrapper_1196.sp-tab__lay-default > ul > .sp-tab__nav-item {border-top-left-radius: 2px;border-top-right-radius: 2px;}#sp-wp-tabs-wrapper_1196 .sp-tab__nav-tabs .sp-tab__nav-item {margin-bottom: -0px; }#sp-wp-tabs-wrapper_1196.sp-tab__lay-default > ul .sp-tab__nav-item,#sp-wp-tabs-wrapper_1196.sp-tab__lay-default label.collapsed > .sp-tab__card-header {background-color: #ffffff;}#sp-wp-tabs-wrapper_1196.sp-tab__lay-default > ul .sp-tab__nav-item {margin-right: 10px;margin-top: 5px;}#sp-wp-tabs-wrapper_1196.sp-tab__lay-default > ul .sp-tab__nav-item:last-child {margin-right: 0;}#sp-wp-tabs-wrapper_1196.sp-tab__lay-default > ul .sp-tab__nav-item label:hover .sp-tab__tab_title,#sp-wp-tabs-wrapper_1196.sp-tab__lay-default > ul .sp-tab__nav-item a:hover .sp-tab__tab_title,#sp-wp-tabs-wrapper_1196.sp-tab__lay-default label.collapsed .sp-tab__card-header:hover {color: #444;transition: .3s;}#sp-wp-tabs-wrapper_1196.sp-tab__lay-default > ul .sp-tab__nav-item:hover,#sp-wp-tabs-wrapper_1196.sp-tab__lay-default label.collapsed > .sp-tab__card-header:hover {background-color: #fff;}#sp-wp-tabs-wrapper_1196.sp-tab__lay-default > .sp-tab__tab-content .sp-tab__tab-pane {border: 0px none #ffffff;padding-top: 20px;padding-right: 20px;padding-bottom: 1px;padding-left: 20px;border-top: 0px;background-color: #ffffff;}#sp-wp-tabs-wrapper_1196.sp-tab__lay-default > ul {border-bottom: 0px none #ffffff;}@media(max-width:480px) {#sp-wp-tabs-wrapper_1196.sp-tab__lay-default > ul li.sp-tab__nav-item {width: 100%;margin-right: 0px;}#sp-wp-tabs-wrapper_1196.sp-tab__lay-default > ul li.sp-tab__nav-item:last-child {margin-bottom: -1px;}}#poststuff h2.sp-tab__section_title_1196, h2.sp-tab__section_title_1196 ,.editor-styles-wrapper .wp-block h2.sp-tab__section_title_1196{margin-bottom: 30px !important;font-weight: 600;font-style: normal;font-size: 28px;line-height: 28px;letter-spacing: 0px;color: #444444;}#sp-wp-tabs-wrapper_1196.sp-tab__lay-default > ul .sp-tab__nav-item .sp-tab__tab_title,#sp-wp-tabs-wrapper_1196.sp-tab__lay-default label.collapsed > .sp-tab__card-header {font-weight: 600;font-style: normal;font-size: 16px;line-height: 22px;letter-spacing: 0px;color: #444;margin: 0px;}#sp-wp-tabs-wrapper_1196.sp-tab__lay-default > .sp-tab__tab-content .sp-tab__tab-pane {font-weight: 400;font-style: normal;font-size: 16px;line-height: 24px;letter-spacing: 0px;color: #444;}#sp-wp-tabs-wrapper_1196.sp-tab__lay-default > .sp-tab__tab-content .sp-tab__tab-pane ul li a, #sp-wp-tabs-wrapper_1196.sp-tab__lay-default .sp-tab__tab-content .sp-tab__tab-pane ol li a {color: #444;}<\/style>\t<h2 class=\"sp-tab__section_title_1196\"> cura<\/h2>\n\t\t\t<div id=\"sp-wp-tabs-wrapper_1196\" class=\"sp-tab__lay-default\" data-preloader=\"0\" data-activemode=\"tabs-activator-event-click\">\n\t\t\t<ul class=\"sp-tab__nav sp-tab__nav-tabs\" id=\"sp-tab__ul\" role=\"tablist\">\n\t\t\t\t<li class=\"sp-tab__nav-item\" role=\"navigation\">\n\t\t\t\t<label class=\"sp-tab__nav-link sp-tab__active\" data-sptoggle=\"tab\" for=\"#tab-11961\" role=\"tab\" aria-controls=tab-11961 aria-selected=false>\n\t\t\t\t\t<span class=\"tab_title_area\"><H4 class=\"sp-tab__tab_title\">2017<\/H4><\/span>\n\t\t\t\t<\/label>\n\t\t\t<\/li>\n\t\t\t\t\t\t<li class=\"sp-tab__nav-item\" role=\"navigation\">\n\t\t\t\t<label class=\"sp-tab__nav-link\" data-sptoggle=\"tab\" for=\"#tab-11962\" role=\"tab\" aria-controls=tab-11962 aria-selected=false>\n\t\t\t\t\t<span class=\"tab_title_area\"><H4 class=\"sp-tab__tab_title\">2018<\/H4><\/span>\n\t\t\t\t<\/label>\n\t\t\t<\/li>\n\t\t\t\t\t\t<li class=\"sp-tab__nav-item\" role=\"navigation\">\n\t\t\t\t<label class=\"sp-tab__nav-link\" data-sptoggle=\"tab\" for=\"#tab-11963\" role=\"tab\" aria-controls=tab-11963 aria-selected=false>\n\t\t\t\t\t<span class=\"tab_title_area\"><H4 class=\"sp-tab__tab_title\">2019<\/H4><\/span>\n\t\t\t\t<\/label>\n\t\t\t<\/li>\n\t\t\t\t\t\t<li class=\"sp-tab__nav-item\" role=\"navigation\">\n\t\t\t\t<label class=\"sp-tab__nav-link\" data-sptoggle=\"tab\" for=\"#tab-11964\" role=\"tab\" aria-controls=tab-11964 aria-selected=false>\n\t\t\t\t\t<span class=\"tab_title_area\"><H4 class=\"sp-tab__tab_title\">2020<\/H4><\/span>\n\t\t\t\t<\/label>\n\t\t\t<\/li>\n\t\t\t\t\t\t<li class=\"sp-tab__nav-item\" role=\"navigation\">\n\t\t\t\t<label class=\"sp-tab__nav-link\" data-sptoggle=\"tab\" for=\"#tab-11965\" role=\"tab\" aria-controls=tab-11965 aria-selected=false>\n\t\t\t\t\t<span class=\"tab_title_area\"><H4 class=\"sp-tab__tab_title\">2021<\/H4><\/span>\n\t\t\t\t<\/label>\n\t\t\t<\/li>\n\t\t\t<\/ul>\n<div class=\"sp-tab__tab-content\">\n\t\t\t\t<div id=\"tab-11961\" class=\"sp-tab__tab-pane sp-tab__show sp-tab__active\" role=\"tabpanel\">\n\t\t\t\t\t<div class=\"sp-tab-content\"><div class=\"row\">\n<div class=\"col-sm descricao-2\">\n<div class=\"row projeto-pad\">\n<div class=\"col-sm\">\n<div>\n<h2 class=\"titulo-tab\">cura<\/h2>\n<\/div>\n<div class=\"credito-tab\">[edici\u00f3n\u00a0<em><strong>2017<\/strong><strong>]<\/strong><\/em> Rua Sapuca\u00ed, Centro - Belo Horizonte, MG | Brasil<\/div>\n<\/div>\n<\/div>\n<p>&nbsp;<\/p>\n<div class=\"projeto-pad\">La 2\u00aa edici\u00f3n del CURA marc\u00f3 la relaci\u00f3n de amor entre el festival y la ciudad de Belo Horizonte al celebrar, en una edici\u00f3n extra, los 120 a\u00f1os de la capital mineira. Esta edici\u00f3n entreg\u00f3 a la ciudad dos piezas, una pintada por la argentina Milu Correch y la otra por uno de los principales nombres del graffiti mineiro, DMS. Adem\u00e1s de las pinturas, el CURA realiz\u00f3 seis d\u00edas de ocupaci\u00f3n en el mirador Sapuca\u00ed con mucha m\u00fasica y fiesta, y en el \u00faltimo d\u00eda celebr\u00f3 el aniversario de la ciudad con la iluminaci\u00f3n de las seis obras pintadas hasta entonces (cuatro en la 1\u00aa edici\u00f3n y dos en la 2\u00aa edici\u00f3n).<\/div>\n<p>&nbsp;<\/p>\n<div id=\"btn-div\">\n<p><span id=\"texto-opaco\" style=\"\/*position: absolute; bottom: 16%; font-size: 24px;\"><strong style=\"font-family: ppppangrams-bold, Arial, sans-serif;\">ficha t\u00e9cnica\u00a0 \u00a0 <img decoding=\"async\" id=\"img-olho\" class=\"\" src=\"https:\/\/publica.art\/es\/wp-content\/uploads\/2023\/08\/olho-ficha.png\" width=\"50\" height=\"44\" \/><\/strong><\/span><\/p>\n<\/div>\n<div id=\"ficha\" class=\"ficha\">\n<div id=\"conteudo-ficha\" class=\"conteudo-ficha\" style=\"padding-top: 1px;\">\n<div class=\"fic\">Direcci\u00f3n art\u00edstica y curador\u00eda: Janaina Macruz, Juliana Flores y Priscila Amoni<br \/>\nDirecci\u00f3n ejecutiva: Juliana Flores y Priscila Amoni<br \/>\nCoordinaci\u00f3n de producci\u00f3n: Pedro Valentim y Alessandra Brito<br \/>\nCoordinaci\u00f3n de seguridad en altura: Anne Louise\/Noar<br \/>\nGesti\u00f3n: Isabel Nogueira e Ivan Caiafa<br \/>\nIluminaci\u00f3n: Laser Lumens<br \/>\nArtista: Davi de Melo Santos - DMS<br \/>\nArtistas colaboradores: Monk y Bita<br \/>\nAsistencia de pintura: Drin C\u00f4rtes y Fernandinho<br \/>\nSeguridad en altura: Andr\u00e9 Coutinho<br \/>\nProducci\u00f3n de base: Nath Sol<br \/>\nArtista: Milu Correch<br \/>\nArtistas colaboradores: Dic, Doxs y Pavor<br \/>\nAsistencia de pintura: David Arranhado y Marcus Vinicius<br \/>\nSeguridad en altura: Branca Franco<br \/>\nProducci\u00f3n de base: B\u00e1rbara Schall<br \/>\nAsesor\u00eda de prensa: Renata Alves<br \/>\nDise\u00f1ador: Alexandre Perocco<br \/>\nSitio web: Raphael Santos<br \/>\nComunicaci\u00f3n: \u00c1rea de Servi\u00e7o<br \/>\nCoordinaci\u00f3n de redes sociales: Daniel Iglesias<br \/>\nRedes sociales: Pablo Caldeira<br \/>\nCoordinaci\u00f3n de v\u00eddeo y mini documental: Henrique Marques y Bruno Figueiredo<br \/>\nDrone: Caio Fl\u00e1vio<br \/>\nTimelapse: Roberto Staino<br \/>\nEdici\u00f3n: Glaydson Mendes<br \/>\nProducci\u00f3n de cobertura: Tatiana Mitre<br \/>\nProducido por P\u00fablica<\/div>\n<\/div>\n<\/div>\n<p>&nbsp;<\/p>\n<p><img decoding=\"async\" class=\"alignnone wp-image-1269 size-full\" src=\"https:\/\/publica.art\/es\/wp-content\/uploads\/2023\/08\/cura-2017-01-scaled.jpg\" alt=\"\" width=\"2560\" height=\"1707\" srcset=\"https:\/\/publica.art\/es\/wp-content\/uploads\/2023\/08\/cura-2017-01-scaled.jpg 2560w, https:\/\/publica.art\/es\/wp-content\/uploads\/2023\/08\/cura-2017-01-300x200.jpg 300w, https:\/\/publica.art\/es\/wp-content\/uploads\/2023\/08\/cura-2017-01-1024x683.jpg 1024w, https:\/\/publica.art\/es\/wp-content\/uploads\/2023\/08\/cura-2017-01-768x512.jpg 768w, https:\/\/publica.art\/es\/wp-content\/uploads\/2023\/08\/cura-2017-01-1536x1024.jpg 1536w, https:\/\/publica.art\/es\/wp-content\/uploads\/2023\/08\/cura-2017-01-2048x1365.jpg 2048w\" sizes=\"(max-width: 2560px) 100vw, 2560px\" \/><\/p>\n<p><img decoding=\"async\" class=\"alignnone wp-image-1270 size-full\" src=\"https:\/\/publica.art\/es\/wp-content\/uploads\/2023\/08\/cura-2017-02-scaled.jpg\" alt=\"\" width=\"1702\" height=\"2560\" srcset=\"https:\/\/publica.art\/es\/wp-content\/uploads\/2023\/08\/cura-2017-02-scaled.jpg 1702w, https:\/\/publica.art\/es\/wp-content\/uploads\/2023\/08\/cura-2017-02-199x300.jpg 199w, https:\/\/publica.art\/es\/wp-content\/uploads\/2023\/08\/cura-2017-02-681x1024.jpg 681w, https:\/\/publica.art\/es\/wp-content\/uploads\/2023\/08\/cura-2017-02-768x1155.jpg 768w, https:\/\/publica.art\/es\/wp-content\/uploads\/2023\/08\/cura-2017-02-1021x1536.jpg 1021w, https:\/\/publica.art\/es\/wp-content\/uploads\/2023\/08\/cura-2017-02-1362x2048.jpg 1362w\" sizes=\"(max-width: 1702px) 100vw, 1702px\" \/><\/p>\n<p><img decoding=\"async\" class=\"alignnone wp-image-1271 size-full\" src=\"https:\/\/publica.art\/es\/wp-content\/uploads\/2023\/08\/cura-2017-03-scaled.jpg\" alt=\"\" width=\"2560\" height=\"1440\" srcset=\"https:\/\/publica.art\/es\/wp-content\/uploads\/2023\/08\/cura-2017-03-scaled.jpg 2560w, https:\/\/publica.art\/es\/wp-content\/uploads\/2023\/08\/cura-2017-03-300x169.jpg 300w, https:\/\/publica.art\/es\/wp-content\/uploads\/2023\/08\/cura-2017-03-1024x576.jpg 1024w, https:\/\/publica.art\/es\/wp-content\/uploads\/2023\/08\/cura-2017-03-768x432.jpg 768w, https:\/\/publica.art\/es\/wp-content\/uploads\/2023\/08\/cura-2017-03-1536x864.jpg 1536w, https:\/\/publica.art\/es\/wp-content\/uploads\/2023\/08\/cura-2017-03-2048x1152.jpg 2048w\" sizes=\"(max-width: 2560px) 100vw, 2560px\" \/><\/p>\n<p><img decoding=\"async\" class=\"alignnone wp-image-1271 size-full\" src=\"https:\/\/publica.art\/es\/wp-content\/uploads\/2023\/08\/cura-2017-05.jpg\" alt=\"\" width=\"2560\" height=\"1440\" \/><\/p>\n<div class=\"row\">\n<div class=\"col-sm imagem-esquerda\"><img decoding=\"async\" class=\"alignnone wp-image-1271 size-full\" src=\"https:\/\/publica.art\/es\/wp-content\/uploads\/2023\/08\/cura-2017-06.jpg\" alt=\"\" width=\"2560\" height=\"1440\" \/><\/div>\n<div class=\"col-sm imagem-direita\"><img decoding=\"async\" class=\"alignnone wp-image-1271 size-full\" src=\"https:\/\/publica.art\/es\/wp-content\/uploads\/2023\/08\/cura-2017-08.jpg\" alt=\"\" width=\"2560\" height=\"1440\" \/><\/div>\n<\/div>\n<p><img decoding=\"async\" class=\"alignnone wp-image-1274 size-full\" src=\"https:\/\/publica.art\/es\/wp-content\/uploads\/2023\/08\/cura-2017-07.jpg\" alt=\"\" width=\"1616\" height=\"1080\" srcset=\"https:\/\/publica.art\/es\/wp-content\/uploads\/2023\/08\/cura-2017-07.jpg 1616w, https:\/\/publica.art\/es\/wp-content\/uploads\/2023\/08\/cura-2017-07-300x200.jpg 300w, https:\/\/publica.art\/es\/wp-content\/uploads\/2023\/08\/cura-2017-07-1024x684.jpg 1024w, https:\/\/publica.art\/es\/wp-content\/uploads\/2023\/08\/cura-2017-07-768x513.jpg 768w, https:\/\/publica.art\/es\/wp-content\/uploads\/2023\/08\/cura-2017-07-1536x1027.jpg 1536w\" sizes=\"(max-width: 1616px) 100vw, 1616px\" \/><\/p>\n<p><img decoding=\"async\" class=\"alignnone wp-image-1271 size-full\" src=\"https:\/\/publica.art\/es\/wp-content\/uploads\/2023\/08\/cura-2017-09.jpg\" alt=\"\" width=\"2560\" height=\"1440\" \/><\/p>\n<\/div>\n<\/div>\n<\/div>\n\t\t\t\t<\/div>\n\t\t\t\t\t\t\t\t<div id=\"tab-11962\" class=\"sp-tab__tab-pane \" role=\"tabpanel\">\n\t\t\t\t\t<div class=\"sp-tab-content\"><div class=\"row\">\n<div class=\"col-sm descricao-2\">\n<div class=\"row projeto-pad\">\n<div class=\"col-sm\">\n<div>\n<h2 class=\"titulo-tab\">cura<\/h2>\n<\/div>\n<div class=\"credito-tab\">[edici\u00f3n\u00a0<em><strong>2018<\/strong><strong>]<\/strong><\/em> Rua Sapuca\u00ed, Belo Horizonte, Minas Gerais | Brasil<\/div>\n<\/div>\n<\/div>\n<p>&nbsp;<\/p>\n<div class=\"projeto-pad\">La 3\u00aa edici\u00f3n del CURA busc\u00f3 celebrar todas las est\u00e9ticas del arte urbano, especialmente la caligraf\u00eda, arte fundacional del graffiti. La diversidad de artistas marc\u00f3 esta edici\u00f3n. Tres obras fueron pintadas por: la argentina Hyuro, gran representante del muralismo contempor\u00e1neo; la mineira Criola y el mineiro Comum, que utiliz\u00f3 una t\u00e9cnica muy cara al street art: el est\u00e9ncil. La cuarta obra, de Letras, cont\u00f3 con el trabajo de 21 graffiti writers de Belo Horizonte. Adem\u00e1s de la colecci\u00f3n de murales gigantes, el CURA trajo algunas discusiones importantes al festival, como el riesgo de gentrificaci\u00f3n urbana a trav\u00e9s del arte y la invisibilizaci\u00f3n de los artistas negros. Esta edici\u00f3n tambi\u00e9n celebr\u00f3 los 10 a\u00f1os de la Pdf Crew, un grupo conocido por su talento en el graffiti 3D. La fiesta de clausura cont\u00f3 con un hist\u00f3rico espect\u00e1culo de FBC y Djonga, creando un di\u00e1logo con la escena de hip-hop que floreci\u00f3 cerca del mirador Sapuca\u00ed, en el Viaduto Santa Tereza. Una edici\u00f3n que ning\u00fan amante del arte urbano podr\u00eda criticar.<\/div>\n<p>&nbsp;<\/p>\n<div id=\"btn-div-2\">\n<p><span id=\"texto-opaco-2\" style=\"\/*position: absolute; bottom: 20%; font-size: 24px;\"><strong style=\"font-family: ppppangrams-bold, Arial, sans-serif;\">ficha t\u00e9cnica\u00a0 \u00a0 <img decoding=\"async\" id=\"img-olho\" src=\"https:\/\/publica.art\/es\/wp-content\/uploads\/2023\/08\/olho-ficha.png\" width=\"75\" height=\"44\" \/><\/strong><\/span><\/p>\n<\/div>\n<div id=\"ficha-2\" class=\"ficha\">\n<div class=\"conteudo-ficha-2\">\n<div class=\"fic\">\n<p>Direcci\u00f3n art\u00edstica y curador\u00eda: Janaina Macruz, Juliana Flores y Priscila Amoni<br \/>\nDirecci\u00f3n ejecutiva: Janaina Macruz y Juliana Flores<br \/>\nCoordinaci\u00f3n de producci\u00f3n: Pedro Valentim<br \/>\nCoordinaci\u00f3n de seguridad en altura: Anne Louise\/Noar<br \/>\nGesti\u00f3n: Maria Carolina Campos<br \/>\nProducci\u00f3n: Sara Cura y Flaviana Lasan<br \/>\nProducci\u00f3n de escenario: Paloma Parentoni<br \/>\nColaboraci\u00f3n para la fiesta de cierre: Chacoalha\/H\u00edbrido<br \/>\nArtista: Criola<br \/>\nCoordinaci\u00f3n de pintura: Enivo<br \/>\nAsistencia de pintura: Marcus Vinicius y Luiz Nascimento<br \/>\nSeguridad en altura: Mariana Avellar<br \/>\nProducci\u00f3n de base: Ana Cec\u00edlia Assis y Guilherme Louren\u00e7o<br \/>\nArtista: Comum<br \/>\nAsistencia de pintura: Kid, Pablo Santana, Francisco Nuk, Kesa y Sinikos<br \/>\nSeguridad en altura: Andr\u00e9 Coutinho<br \/>\nProducci\u00f3n de base: B\u00e1rbara Eg\u00eddio y Paloma Parentoni<br \/>\nArtista: Empena de Letras - Carimbo, Tina Soul, Error, Naice, Nica, Surto, Sinikos, Okay, Goma, Pimenta, Musa, MTS, Bess, Figo, Sake, Hisne, Diva, Tita, Dninja, Fhero e Kid<br \/>\nAsistencia de pintura: Sinikos<br \/>\nSeguridad en altura: Igor Murta<br \/>\nProducci\u00f3n de base: Nath Sol<br \/>\nArtista: Hyuro<br \/>\nAsistencia de pintura: Drin C\u00f4rtes y Daniel Jack<br \/>\nSeguridad en altura: Branca Franco<br \/>\nProducci\u00f3n de base: B\u00e1rbara Schall<br \/>\nArtista del muro: Pdf Crew<br \/>\nAsesor\u00eda de prensa: Renata Alves<br \/>\nDise\u00f1ador: Alexandre Perocco<br \/>\nSitio web: Raphael Santos<br \/>\nComunicaci\u00f3n: \u00c1rea de Servi\u00e7o<br \/>\nCoordinaci\u00f3n de redes sociales: Daniel Iglesias<br \/>\nRedes sociales: Analy<br \/>\nCoordinaci\u00f3n de v\u00eddeo y mini documental: Bruno Figueiredo y Henrique Marques<br \/>\nDrone: Rudah y Caio Fl\u00e1vio<br \/>\nTimelapse: Roberto Staino<br \/>\nEdici\u00f3n: Eduardo Drummond y Glaydson Mendes<br \/>\nProducci\u00f3n de cobertura: Tatiana Mitre<br \/>\nProducido por P\u00fablica<\/p>\n<\/div>\n<\/div>\n<\/div>\n<p>&nbsp;<\/p>\n<p><img decoding=\"async\" class=\"alignnone wp-image-1279 size-full\" src=\"https:\/\/publica.art\/es\/wp-content\/uploads\/2023\/08\/cura-2018-01-scaled.jpg\" alt=\"\" width=\"2560\" height=\"1707\" srcset=\"https:\/\/publica.art\/es\/wp-content\/uploads\/2023\/08\/cura-2018-01-scaled.jpg 2560w, https:\/\/publica.art\/es\/wp-content\/uploads\/2023\/08\/cura-2018-01-300x200.jpg 300w, https:\/\/publica.art\/es\/wp-content\/uploads\/2023\/08\/cura-2018-01-1024x683.jpg 1024w, https:\/\/publica.art\/es\/wp-content\/uploads\/2023\/08\/cura-2018-01-768x512.jpg 768w, https:\/\/publica.art\/es\/wp-content\/uploads\/2023\/08\/cura-2018-01-1536x1024.jpg 1536w, https:\/\/publica.art\/es\/wp-content\/uploads\/2023\/08\/cura-2018-01-2048x1365.jpg 2048w\" sizes=\"(max-width: 2560px) 100vw, 2560px\" \/><\/p>\n<p><img decoding=\"async\" class=\"alignnone wp-image-1280 size-full\" src=\"https:\/\/publica.art\/es\/wp-content\/uploads\/2023\/08\/cura-2018-02.jpg\" alt=\"\" width=\"1616\" height=\"1080\" srcset=\"https:\/\/publica.art\/es\/wp-content\/uploads\/2023\/08\/cura-2018-02.jpg 1616w, https:\/\/publica.art\/es\/wp-content\/uploads\/2023\/08\/cura-2018-02-300x200.jpg 300w, https:\/\/publica.art\/es\/wp-content\/uploads\/2023\/08\/cura-2018-02-1024x684.jpg 1024w, https:\/\/publica.art\/es\/wp-content\/uploads\/2023\/08\/cura-2018-02-768x513.jpg 768w, https:\/\/publica.art\/es\/wp-content\/uploads\/2023\/08\/cura-2018-02-1536x1027.jpg 1536w\" sizes=\"(max-width: 1616px) 100vw, 1616px\" \/><\/p>\n<p><img decoding=\"async\" class=\"alignnone wp-image-1282 size-full\" src=\"https:\/\/publica.art\/es\/wp-content\/uploads\/2023\/08\/cura-2018-04-scaled.jpg\" alt=\"\" width=\"2560\" height=\"1707\" srcset=\"https:\/\/publica.art\/es\/wp-content\/uploads\/2023\/08\/cura-2018-04-scaled.jpg 2560w, https:\/\/publica.art\/es\/wp-content\/uploads\/2023\/08\/cura-2018-04-300x200.jpg 300w, https:\/\/publica.art\/es\/wp-content\/uploads\/2023\/08\/cura-2018-04-1024x683.jpg 1024w, https:\/\/publica.art\/es\/wp-content\/uploads\/2023\/08\/cura-2018-04-768x512.jpg 768w, https:\/\/publica.art\/es\/wp-content\/uploads\/2023\/08\/cura-2018-04-1536x1024.jpg 1536w, https:\/\/publica.art\/es\/wp-content\/uploads\/2023\/08\/cura-2018-04-2048x1365.jpg 2048w\" sizes=\"(max-width: 2560px) 100vw, 2560px\" \/><\/p>\n<p><img decoding=\"async\" class=\"alignnone wp-image-1283 size-full\" src=\"https:\/\/publica.art\/es\/wp-content\/uploads\/2023\/08\/cura-2018-05-scaled.jpg\" alt=\"\" width=\"2560\" height=\"1707\" srcset=\"https:\/\/publica.art\/es\/wp-content\/uploads\/2023\/08\/cura-2018-05-scaled.jpg 2560w, https:\/\/publica.art\/es\/wp-content\/uploads\/2023\/08\/cura-2018-05-300x200.jpg 300w, https:\/\/publica.art\/es\/wp-content\/uploads\/2023\/08\/cura-2018-05-1024x683.jpg 1024w, https:\/\/publica.art\/es\/wp-content\/uploads\/2023\/08\/cura-2018-05-768x512.jpg 768w, https:\/\/publica.art\/es\/wp-content\/uploads\/2023\/08\/cura-2018-05-1536x1024.jpg 1536w, https:\/\/publica.art\/es\/wp-content\/uploads\/2023\/08\/cura-2018-05-2048x1366.jpg 2048w\" sizes=\"(max-width: 2560px) 100vw, 2560px\" \/><\/p>\n<p><img decoding=\"async\" class=\"alignnone wp-image-1285 size-full\" src=\"https:\/\/publica.art\/es\/wp-content\/uploads\/2023\/08\/cura-2018-07-scaled.jpg\" alt=\"\" width=\"2560\" height=\"1707\" srcset=\"https:\/\/publica.art\/es\/wp-content\/uploads\/2023\/08\/cura-2018-07-scaled.jpg 2560w, https:\/\/publica.art\/es\/wp-content\/uploads\/2023\/08\/cura-2018-07-300x200.jpg 300w, https:\/\/publica.art\/es\/wp-content\/uploads\/2023\/08\/cura-2018-07-1024x683.jpg 1024w, https:\/\/publica.art\/es\/wp-content\/uploads\/2023\/08\/cura-2018-07-768x512.jpg 768w, https:\/\/publica.art\/es\/wp-content\/uploads\/2023\/08\/cura-2018-07-1536x1024.jpg 1536w, https:\/\/publica.art\/es\/wp-content\/uploads\/2023\/08\/cura-2018-07-2048x1365.jpg 2048w\" sizes=\"(max-width: 2560px) 100vw, 2560px\" \/><\/p>\n<p><img decoding=\"async\" class=\"alignnone wp-image-1286 size-full\" src=\"https:\/\/publica.art\/es\/wp-content\/uploads\/2023\/08\/cura-2018-08.jpg\" alt=\"\" width=\"1616\" height=\"1080\" srcset=\"https:\/\/publica.art\/es\/wp-content\/uploads\/2023\/08\/cura-2018-08.jpg 1616w, https:\/\/publica.art\/es\/wp-content\/uploads\/2023\/08\/cura-2018-08-300x200.jpg 300w, https:\/\/publica.art\/es\/wp-content\/uploads\/2023\/08\/cura-2018-08-1024x684.jpg 1024w, https:\/\/publica.art\/es\/wp-content\/uploads\/2023\/08\/cura-2018-08-768x513.jpg 768w, https:\/\/publica.art\/es\/wp-content\/uploads\/2023\/08\/cura-2018-08-1536x1027.jpg 1536w\" sizes=\"(max-width: 1616px) 100vw, 1616px\" \/><\/p>\n<p><img decoding=\"async\" class=\"alignnone wp-image-1278 size-full\" src=\"https:\/\/publica.art\/es\/wp-content\/uploads\/2023\/08\/cura-2018-10.jpg\" alt=\"\" width=\"1616\" height=\"1080\" srcset=\"https:\/\/publica.art\/es\/wp-content\/uploads\/2023\/08\/cura-2018-10.jpg 1616w, https:\/\/publica.art\/es\/wp-content\/uploads\/2023\/08\/cura-2018-10-300x200.jpg 300w, https:\/\/publica.art\/es\/wp-content\/uploads\/2023\/08\/cura-2018-10-1024x684.jpg 1024w, https:\/\/publica.art\/es\/wp-content\/uploads\/2023\/08\/cura-2018-10-768x513.jpg 768w, https:\/\/publica.art\/es\/wp-content\/uploads\/2023\/08\/cura-2018-10-1536x1027.jpg 1536w\" sizes=\"(max-width: 1616px) 100vw, 1616px\" \/><\/p>\n<p><img decoding=\"async\" class=\"alignnone wp-image-1287 size-full\" src=\"https:\/\/publica.art\/es\/wp-content\/uploads\/2023\/08\/cura-2018-09.jpg\" alt=\"\" width=\"1616\" height=\"1080\" srcset=\"https:\/\/publica.art\/es\/wp-content\/uploads\/2023\/08\/cura-2018-09.jpg 1616w, https:\/\/publica.art\/es\/wp-content\/uploads\/2023\/08\/cura-2018-09-300x200.jpg 300w, https:\/\/publica.art\/es\/wp-content\/uploads\/2023\/08\/cura-2018-09-1024x684.jpg 1024w, https:\/\/publica.art\/es\/wp-content\/uploads\/2023\/08\/cura-2018-09-768x513.jpg 768w, https:\/\/publica.art\/es\/wp-content\/uploads\/2023\/08\/cura-2018-09-1536x1027.jpg 1536w\" sizes=\"(max-width: 1616px) 100vw, 1616px\" \/><\/p>\n<\/div>\n<\/div>\n<\/div>\n\t\t\t\t<\/div>\n\t\t\t\t\t\t\t\t<div id=\"tab-11963\" class=\"sp-tab__tab-pane \" role=\"tabpanel\">\n\t\t\t\t\t<div class=\"sp-tab-content\"><div class=\"row\">\n<div class=\"col-sm descricao-2\">\n<div class=\"row projeto-pad\">\n<div class=\"col-sm\">\n<div>\n<h2 class=\"titulo-tab\">cura<\/h2>\n<\/div>\n<div class=\"credito-tab\">[edici\u00f3n\u00a0<em><strong>2019<\/strong><strong>]<\/strong><\/em> Rua Diamantina, Lagoinha - Belo Horizonte, MG | Brasil<\/div>\n<\/div>\n<\/div>\n<p>&nbsp;<\/p>\n<div class=\"projeto-pad\">Una edici\u00f3n especial realizada en la cuna de la cultura de BH, el barrio Lagoinha. Aqu\u00ed, el arte urbano fue una herramienta para hablar del territorio e imaginar nuevos futuros. Una edici\u00f3n que busc\u00f3 ser un puente entre las dos partes del barrio dividido por la Avenida Ant\u00f4nio Carlos. En Lagoinha, el festival cre\u00f3 un mirador de arte en la calle Diamantina y entreg\u00f3 al barrio cuatro pinturas en fachadas y siete muros, creados en su mayor\u00eda por artistas locales y de otros barrios de BH. Adem\u00e1s del legado art\u00edstico, CURA Lagoinha ofreci\u00f3 diez d\u00edas de programaci\u00f3n con mesas que debatieron las muchas tem\u00e1ticas de este territorio tan rico, espect\u00e1culos, feria de comida callejera con cocineros de la regi\u00f3n, programaci\u00f3n paralela en espacios cercanos y muchos encuentros.<\/div>\n<p>&nbsp;<\/p>\n<div id=\"btn-div-3\">\n<p><span id=\"texto-opaco-3\" style=\"\/*position: absolute; bottom: 20%; font-size: 24px;\"><strong style=\"font-family: ppppangrams-bold, Arial, sans-serif;\">ficha t\u00e9cnica\u00a0 \u00a0 <img decoding=\"async\" id=\"img-olho\" src=\"https:\/\/publica.art\/es\/wp-content\/uploads\/2023\/08\/olho-ficha.png\" width=\"75\" height=\"44\" \/><\/strong><\/span><\/p>\n<\/div>\n<div id=\"ficha-3\" class=\"ficha\">\n<div class=\"conteudo-ficha-3\">\n<div class=\"fic\">\n<p>Direcci\u00f3n art\u00edstica y curadur\u00eda: Janaina Macruz, Juliana Flores y Priscila Amoni<br \/>\nDirecci\u00f3n ejecutiva: Janaina Macruz y Juliana Flores<br \/>\nCoordinaci\u00f3n de producci\u00f3n y gesti\u00f3n: Bruna Pardini<br \/>\nCoordinaci\u00f3n de obras en fachadas: Pedro Valentim<br \/>\nCoordinaci\u00f3n de seguridad en altura: Anne Louise\/Noar<br \/>\nMovilizaci\u00f3n comunitaria: Filipe Thales y Daniel Queiroga<br \/>\nProducci\u00f3n: Tarsila Goulart, Gika, Ana Cec\u00edlia Assis, Bruno Lelis y Tiago Degou<br \/>\nSeguridad en altura: Mariana Avellar, Raphael Trad y Fernando Santana<br \/>\nArtista: Elian Chali<br \/>\nAsistencia de pintura: Marcus Vinicius y Simon Bussolari<br \/>\nProducci\u00f3n de base: B\u00e1rbara Schall<br \/>\nArtista: Bolinho<br \/>\nAsistencia de pintura: Pel\u00e3o<br \/>\nArtista: Z\u00e9 D Nilson<br \/>\nAsistencia de pintura: Dayse Nilza<br \/>\nProducci\u00f3n de base: Viviane Cipriano<br \/>\nArtista: Luna Bastos<br \/>\nAsistencia de pintura: Bess<br \/>\nArtistas de muros: Wanatta, F\u00eanix, Saulo Pico, Nila, Gabriel Dias, Priscila Amoni y Rupestre Crew<br \/>\nAsesor\u00eda de prensa: Renata Alves<br \/>\nDise\u00f1ador: Alexandre Perocco<br \/>\nSitio web: Raphael Santos<br \/>\nCoordinaci\u00f3n de redes sociales: Daniel Iglesias<br \/>\nRedes sociales: Pablo Caldeira e Iago Oliveira<br \/>\nFotograf\u00eda: Bruno Figueiredo, Cadu Passos e Isa Lira<br \/>\nDrone: Pedro Figo<br \/>\nTime-lapse: Roberto Staino<br \/>\nProducido por P\u00fablica<\/p>\n<\/div>\n<\/div>\n<\/div>\n<p>&nbsp;<\/p>\n<p><img decoding=\"async\" class=\"alignnone wp-image-1279 size-full\" src=\"https:\/\/publica.art\/es\/wp-content\/uploads\/2023\/08\/cura-2019-01.jpg\" alt=\"\" width=\"2560\" height=\"1707\" \/><\/p>\n<p><img decoding=\"async\" class=\"alignnone wp-image-1280 size-full\" src=\"https:\/\/publica.art\/es\/wp-content\/uploads\/2023\/08\/cura-2019-02.jpg\" alt=\"\" width=\"1616\" height=\"1080\" \/><\/p>\n<p><img decoding=\"async\" class=\"alignnone wp-image-1282 size-full\" src=\"https:\/\/publica.art\/es\/wp-content\/uploads\/2023\/08\/cura-2019-03.jpg\" alt=\"\" width=\"2560\" height=\"1707\" \/><\/p>\n<p><img decoding=\"async\" class=\"alignnone wp-image-1285 size-full\" src=\"https:\/\/publica.art\/es\/wp-content\/uploads\/2023\/08\/cura-2019-05.jpg\" alt=\"\" width=\"2560\" height=\"1707\" \/><\/p>\n<p><img decoding=\"async\" class=\"alignnone wp-image-1286 size-full\" src=\"https:\/\/publica.art\/es\/wp-content\/uploads\/2023\/08\/cura-2019-06.jpg\" alt=\"\" width=\"1616\" height=\"1080\" \/><\/p>\n<p><img decoding=\"async\" class=\"alignnone wp-image-1278 size-full\" src=\"https:\/\/publica.art\/es\/wp-content\/uploads\/2023\/08\/cura-2019-07.jpg\" alt=\"\" width=\"1616\" height=\"1080\" \/><\/p>\n<div class=\"row\">\n<div class=\"col-sm imagem-esquerda\"><img decoding=\"async\" class=\"alignnone wp-image-1283 size-full\" src=\"https:\/\/publica.art\/es\/wp-content\/uploads\/2023\/08\/cura-2019-04.jpg\" alt=\"\" width=\"2560\" height=\"1707\" \/><\/div>\n<div class=\"col-sm imagem-direita\"><img decoding=\"async\" class=\"alignnone wp-image-1287 size-full\" src=\"https:\/\/publica.art\/es\/wp-content\/uploads\/2023\/08\/cura-2019-15.jpg\" alt=\"\" width=\"1616\" height=\"1080\" \/><\/div>\n<\/div>\n<p><img decoding=\"async\" class=\"alignnone wp-image-1287 size-full\" src=\"https:\/\/publica.art\/es\/wp-content\/uploads\/2023\/08\/cura-2019-08.jpg\" alt=\"\" width=\"1616\" height=\"1080\" \/><\/p>\n<p><img decoding=\"async\" class=\"alignnone wp-image-1287 size-full\" src=\"https:\/\/publica.art\/es\/wp-content\/uploads\/2023\/08\/cura-2019-09.jpg\" alt=\"\" width=\"1616\" height=\"1080\" \/><\/p>\n<p><img decoding=\"async\" class=\"alignnone wp-image-1287 size-full\" src=\"https:\/\/publica.art\/es\/wp-content\/uploads\/2023\/08\/cura-2019-10.jpg\" alt=\"\" width=\"1616\" height=\"1080\" \/><\/p>\n<p><img decoding=\"async\" class=\"alignnone wp-image-1287 size-full\" src=\"https:\/\/publica.art\/es\/wp-content\/uploads\/2023\/08\/cura-2019-11.jpg\" alt=\"\" width=\"1616\" height=\"1080\" \/><\/p>\n<p><img decoding=\"async\" class=\"alignnone wp-image-1287 size-full\" src=\"https:\/\/publica.art\/es\/wp-content\/uploads\/2023\/08\/cura-2019-12.jpg\" alt=\"\" width=\"1616\" height=\"1080\" \/><\/p>\n<p><img decoding=\"async\" class=\"alignnone wp-image-1287 size-full\" src=\"https:\/\/publica.art\/es\/wp-content\/uploads\/2023\/08\/cura-2019-13.jpg\" alt=\"\" width=\"1616\" height=\"1080\" \/><\/p>\n<p><img decoding=\"async\" class=\"alignnone wp-image-1287 size-full\" src=\"https:\/\/publica.art\/es\/wp-content\/uploads\/2023\/08\/cura-2019-14.jpg\" alt=\"\" width=\"1616\" height=\"1080\" \/><\/p>\n<p><img decoding=\"async\" class=\"alignnone wp-image-1287 size-full\" src=\"https:\/\/publica.art\/es\/wp-content\/uploads\/2023\/08\/cura-2019-16.jpg\" alt=\"\" width=\"1616\" height=\"1080\" \/><\/p>\n<\/div>\n<\/div>\n<\/div>\n\t\t\t\t<\/div>\n\t\t\t\t\t\t\t\t<div id=\"tab-11964\" class=\"sp-tab__tab-pane \" role=\"tabpanel\">\n\t\t\t\t\t<div class=\"sp-tab-content\"><div class=\"row\">\n<div class=\"col-sm descricao-2\">\n<div class=\"row projeto-pad\">\n<div class=\"col-sm\">\n<div>\n<h2 class=\"titulo-tab\">cura<\/h2>\n<\/div>\n<div class=\"credito-tab\">[<em><strong>edici\u00f3n\u00a0<\/strong><\/em><em><strong>2020<\/strong><strong>]<\/strong><\/em> Rua Sapuca\u00ed, Centro - Belo Horizonte, MG | Brasil<\/div>\n<\/div>\n<\/div>\n<p>&nbsp;<\/p>\n<div class=\"projeto-pad\">La 5\u00aa edici\u00f3n de CURA marc\u00f3 el \"hasta luego\" del festival en la calle Sapuca\u00ed. En cuatro a\u00f1os de historia, la calle pas\u00f3 de ser poco visitada a ser un punto tur\u00edstico de la ciudad, adem\u00e1s de ser uno de los lugares m\u00e1s concurridos de BH, con muchos bares, restaurantes y fiestas. El mirador de arte urbano gan\u00f3 otras cuatro obras en fachadas de edificios, formando una colecci\u00f3n de 14 murales gigantes. Una edici\u00f3n especial en plena pandemia del coronavirus. El festival se apropi\u00f3 de su nombre y quiso, en un a\u00f1o marcado por la enfermedad, hablar de cura. Por primera vez, el festival cont\u00f3 con dos curadoras invitadas: las artistas Arissana Patax\u00f3 y Domitila de Paulo. Se pintaron cuatro fachadas, una de ellas por una artista ind\u00edgena, la mayor obra de arte p\u00fablico contempor\u00e1nea hasta entonces, y se realizaron dos instalaciones, una firmada por Jaider Esbell, que fue concebida originalmente para el CURA y que luego circul\u00f3 por diversas bienales y museos, y otra instalaci\u00f3n-manifiesto creada por cinco artistas. Adem\u00e1s de las obras, el CURA organiz\u00f3 una programaci\u00f3n en l\u00ednea con m\u00e1s de 15 horas. Una edici\u00f3n sin encuentros presenciales, sin programaci\u00f3n en la calle, pero con una entrega m\u00e1s que especial de obras de arte p\u00fablico que fueron visitadas por miles de personas.<\/div>\n<p>&nbsp;<\/p>\n<div id=\"btn-div-4\">\n<p><span id=\"texto-opaco-4\" style=\"\/*position: absolute; bottom: 20%; font-size: 24px;\"><strong style=\"font-family: ppppangrams-bold, Arial, sans-serif;\">ficha t\u00e9cnica\u00a0 \u00a0 <img decoding=\"async\" id=\"img-olho\" src=\"https:\/\/publica.art\/es\/wp-content\/uploads\/2023\/08\/olho-ficha.png\" width=\"75\" height=\"44\" \/><\/strong><\/span><\/p>\n<\/div>\n<div id=\"ficha-4\" class=\"ficha\">\n<div class=\"conteudo-ficha-4\">\n<div class=\"fic\">\n<p>Direcci\u00f3n art\u00edstica y curadur\u00eda: Janaina Macruz, Juliana Flores y Priscila Amoni<br \/>\nCurador\u00eda invitada: Arissana Patax\u00f3 y Domitila de Paulo<br \/>\nDirecci\u00f3n ejecutiva: Janaina Macruz y Juliana Flores<br \/>\nCoordinaci\u00f3n de infraestructura y log\u00edstica: Bruna Pardini, Daniel Carvalho y Felipe Amaral\/ Productores BH<br \/>\nCoordinaci\u00f3n de seguridad en altura: Anne Louise\/Noar<br \/>\nCoordinaci\u00f3n de obras en fachadas: Pedro Valentim<br \/>\nProducci\u00f3n art\u00edstica: Layla Braz<br \/>\nProducci\u00f3n de infraestructura: Sara Cura<br \/>\nProducci\u00f3n a&amp;b: Dani Lages<br \/>\nProducci\u00f3n log\u00edstica: Carol Zanoti<br \/>\nGesti\u00f3n: Sinergia Proyectos Culturales<br \/>\nAsesor\u00eda jur\u00eddica: L\u00facia Ribeiro y Asociados<br \/>\nArtista: Daiara Tukano<br \/>\nAsistencia de pintura: Fhero, Comum, Jaider Esbell, Kid, Poter, Vira Lata, Nice, Fear, Bess, Lamb\u00e3o, Gabriel Dias y Kesa.<br \/>\nSeguridad en altura: Mariana Avellar<br \/>\nProducci\u00f3n de base: B\u00e1rbara Schall<br \/>\nArtista: Diego Mouro<br \/>\nAsistencia de pintura: F\u00eanix y Marcus Vinicius<br \/>\nSeguridad en altura: Fernando Ribeiro<br \/>\nProducci\u00f3n de base: Ana Cec\u00edlia Assis<br \/>\nArtista: L\u00eddia Viber<br \/>\nAsistencia de pintura: Fhero y Prisca Paes<br \/>\nSeguridad en altura: Branca Franco<br \/>\nProducci\u00f3n de base: Nath Sol<br \/>\nArtista: Robinho Santana<br \/>\nAsistencia de pintura: Drin C\u00f4rtes y Wanatta<br \/>\nSeguridad en altura: Leonardo Tunder<br \/>\nProducci\u00f3n de base: Sam Luca<br \/>\nInstalaciones:<br \/>\nArtista: Jaider Esbell\/ Entidades<br \/>\nArtistas: C\u00e9lia Xakriab\u00e1, Randolpho Lamunier, Denilson Baniwa, Ventura Profana y C\u00f3lera Alegria\/ Bandeiras na Janela<br \/>\nCoordinaci\u00f3n de comunicaci\u00f3n: Priscila Amoni y Luciana Praxedes<br \/>\nAsesor\u00eda de prensa: Renata Alves<br \/>\nAsesor\u00eda de prensa internacional y cobertura de medios: Instagrafite<br \/>\nDise\u00f1ador: Alexandre Perocco<br \/>\nSitio web: Raphael Santos<br \/>\nComunicaci\u00f3n: \u00c1rea de Servicio<br \/>\nPlanificaci\u00f3n de redes sociales: Daniel Iglesias<br \/>\nCoordinaci\u00f3n de redes sociales: Raphael Ribeiro<br \/>\nRedes sociales: Pablo Caldeira<br \/>\nCoordinaci\u00f3n de v\u00eddeo, teasers y minidocumentario: Bruno Figueiredo y Henrique Marques<br \/>\nGui\u00f3n minidocumentario: Guilherme Lessa<br \/>\nTeasers y aftermovie: Henrique Marques<br \/>\nOperaci\u00f3n de c\u00e1mara: Alan Lopes<br \/>\nDrone: B\u00e1rbara Junqueira y Caio Fl\u00e1vio<br \/>\nTimelapse: Roberto Staino<br \/>\nTimelapse y asistencia de c\u00e1mara: Bernard Machado<br \/>\nEdici\u00f3n, finalizaci\u00f3n y motion graphics: Eduardo Drummond<br \/>\nEdici\u00f3n y finalizaci\u00f3n: Matheus Fernandes<br \/>\nSonido directo: Glaydson Mendes<br \/>\nFotograf\u00eda: Denise dos Santos y Rafael Freire<br \/>\nProducci\u00f3n de cobertura: Fernanda Vidigal<br \/>\nProducido por P\u00fablica<\/p>\n<\/div>\n<\/div>\n<\/div>\n<p>&nbsp;<\/p>\n<p><img decoding=\"async\" class=\"alignnone wp-image-1279 size-full\" src=\"https:\/\/publica.art\/es\/wp-content\/uploads\/2023\/08\/cura-2020-01.jpg\" alt=\"\" width=\"2560\" height=\"1707\" \/><\/p>\n<p><img decoding=\"async\" class=\"alignnone wp-image-1280 size-full\" src=\"https:\/\/publica.art\/es\/wp-content\/uploads\/2023\/08\/cura-2020-02.jpg\" alt=\"\" width=\"1616\" height=\"1080\" \/><\/p>\n<p><img decoding=\"async\" class=\"alignnone wp-image-1282 size-full\" src=\"https:\/\/publica.art\/es\/wp-content\/uploads\/2023\/08\/cura-2020-03.jpg\" alt=\"\" width=\"2560\" height=\"1707\" \/><\/p>\n<div class=\"row\">\n<div class=\"col-sm imagem-esquerda\"><img decoding=\"async\" class=\"alignnone wp-image-1283 size-full\" src=\"https:\/\/publica.art\/es\/wp-content\/uploads\/2023\/08\/cura-2020-04.jpg\" alt=\"\" width=\"2560\" height=\"1707\" \/><\/div>\n<div class=\"col-sm imagem-direita\"><img decoding=\"async\" class=\"alignnone wp-image-1287 size-full\" src=\"https:\/\/publica.art\/es\/wp-content\/uploads\/2023\/08\/cura-2020-08.jpg\" alt=\"\" width=\"1616\" height=\"1080\" \/><\/div>\n<\/div>\n<p><img decoding=\"async\" class=\"alignnone wp-image-1285 size-full\" src=\"https:\/\/publica.art\/es\/wp-content\/uploads\/2023\/08\/cura-2020-05.jpg\" alt=\"\" width=\"2560\" height=\"1707\" \/><\/p>\n<p><img decoding=\"async\" class=\"alignnone wp-image-1286 size-full\" src=\"https:\/\/publica.art\/es\/wp-content\/uploads\/2023\/08\/cura-2020-06.jpg\" alt=\"\" width=\"1616\" height=\"1080\" \/><\/p>\n<p><img decoding=\"async\" class=\"alignnone wp-image-1278 size-full\" src=\"https:\/\/publica.art\/es\/wp-content\/uploads\/2023\/08\/cura-2020-07.jpg\" alt=\"\" width=\"1616\" height=\"1080\" \/><\/p>\n<p><img decoding=\"async\" class=\"alignnone wp-image-1287 size-full\" src=\"https:\/\/publica.art\/es\/wp-content\/uploads\/2023\/08\/cura-2020-09.jpg\" alt=\"\" width=\"1616\" height=\"1080\" \/><\/p>\n<p><img decoding=\"async\" class=\"alignnone wp-image-1287 size-full\" src=\"https:\/\/publica.art\/es\/wp-content\/uploads\/2023\/08\/cura-2020-10.jpg\" alt=\"\" width=\"1616\" height=\"1080\" \/><\/p>\n<p><img decoding=\"async\" class=\"alignnone wp-image-1287 size-full\" src=\"https:\/\/publica.art\/es\/wp-content\/uploads\/2023\/08\/cura-2020-11.jpg\" alt=\"\" width=\"1616\" height=\"1080\" \/><\/p>\n<p><img decoding=\"async\" class=\"alignnone wp-image-1287 size-full\" src=\"https:\/\/publica.art\/es\/wp-content\/uploads\/2023\/08\/cura-2020-12.jpg\" alt=\"\" width=\"1616\" height=\"1080\" \/><\/p>\n<p><img decoding=\"async\" class=\"alignnone wp-image-1287 size-full\" src=\"https:\/\/publica.art\/es\/wp-content\/uploads\/2023\/08\/cura-2020-13.jpg\" alt=\"\" width=\"1616\" height=\"1080\" \/><\/p>\n<p><img decoding=\"async\" class=\"alignnone wp-image-1287 size-full\" src=\"https:\/\/publica.art\/es\/wp-content\/uploads\/2023\/08\/cura-2020-14.jpg\" alt=\"\" width=\"1616\" height=\"1080\" \/><\/p>\n<p><img decoding=\"async\" class=\"alignnone wp-image-1287 size-full\" src=\"https:\/\/publica.art\/es\/wp-content\/uploads\/2023\/08\/cura-2020-15.jpg\" alt=\"\" width=\"1616\" height=\"1080\" \/><\/p>\n<\/div>\n<\/div>\n<\/div>\n\t\t\t\t<\/div>\n\t\t\t\t\t\t\t\t<div id=\"tab-11965\" class=\"sp-tab__tab-pane \" role=\"tabpanel\">\n\t\t\t\t\t<div class=\"sp-tab-content\"><div class=\"row\">\n<div class=\"col-sm descricao-2\">\n<div class=\"row projeto-pad\">\n<div class=\"col-sm\">\n<div>\n<h2 class=\"titulo-tab\">cura<\/h2>\n<\/div>\n<div class=\"credito-tab\">[edici\u00f3n\u00a0<em><strong>2021<\/strong><strong>]<\/strong><\/em> Pra\u00e7a Raul Soares, Centro - Belo Horizonte, MG | Brasil<\/div>\n<\/div>\n<\/div>\n<p>&nbsp;<\/p>\n<div class=\"projeto-pad\">\n<p>Esta fue la primera edici\u00f3n en la Raulzona, como cari\u00f1osamente llama el festival a la Plaza Raul Soares, el nuevo espacio de inmersi\u00f3n en arte p\u00fablico de BH. Aqu\u00ed, el espectador est\u00e1 en el centro, ve las obras y es visto por ellas. La edici\u00f3n fue definida conceptualmente por el camino recorrido por el festival, desde el mirador de la calle Sapuca\u00ed hasta la Raulzona. La avenida que conecta estos dos territorios de Belo Horizonte es la avenida Amazonas, y mirando hacia este gran r\u00edo, que es como una gran carretera transamaz\u00f3nica que comienza en Per\u00fa y termina en el Atl\u00e1ntico, cerca de la isla de Maraj\u00f3, la curadur\u00eda concibi\u00f3 esta edici\u00f3n y invit\u00f3 a los artistas. Los signos marajoaras dibujados en las piedras portuguesas en el suelo de la Plaza Raul Soares y los muchos s\u00edmbolos y \u00e1reas de esta plaza tambi\u00e9n guiaron el camino art\u00edstico de esta 6\u00aa edici\u00f3n del CURA. En la fachada ubicada justo en la avenida Amazonas, tuvimos la pintura del Colectivo Mahku, del pueblo Huni Kuin, del Acre, territorio amaz\u00f3nico. En el anillo alrededor de la plaza, tambi\u00e9n en la avenida Amazonas, los artistas ind\u00edgenas Shipibo, de Per\u00fa, Sadith Silvano y Ronin Koshi, pintaron un ken\u00ea gigante en el asfalto; en el centro de la plaza, Tain\u00e1 Marajoara dirigi\u00f3 un gran ritual colectivo de curaci\u00f3n. El CURA recorri\u00f3 toda la transamaz\u00f3nica y trajo una edici\u00f3n hermosa que tambi\u00e9n cont\u00f3 con dos pinturas en fachadas de dos gigantes del arte urbano, Edmun y Mag Magrela, y una instalaci\u00f3n del Grupo Giramundo, que ese a\u00f1o celebr\u00f3 50 a\u00f1os de existencia.<\/p>\n<p>Esta fue la \u00faltima edici\u00f3n producida por P\u00fablica. En ella, la agencia co-produjo junto con \u00c1gua, la empresa de las otras dos ide\u00f3logas del festival que ahora asume la gesti\u00f3n y ejecuci\u00f3n del cura. Jana Macruz, Ju Flores y Pri Amoni siguen siendo las directoras art\u00edsticas del festival<\/p>\n<\/div>\n<p>&nbsp;<\/p>\n<div id=\"btn-div-5\">\n<p><span id=\"texto-opaco-5\" style=\"\/*position: absolute; bottom: 20%; font-size: 24px;\"><strong style=\"font-family: ppppangrams-bold, Arial, sans-serif;\">ficha t\u00e9cnica\u00a0 \u00a0 <img decoding=\"async\" id=\"img-olho\" src=\"https:\/\/publica.art\/es\/wp-content\/uploads\/2023\/08\/olho-ficha.png\" width=\"75\" height=\"44\" \/><\/strong><\/span><\/p>\n<\/div>\n<div id=\"ficha-5\" class=\"ficha\">\n<div class=\"conteudo-ficha-5\">\n<div class=\"fic\">\n<p>Direcci\u00f3n art\u00edstica y curadur\u00eda: Janaina Macruz, Juliana Flores y Priscila Amoni<br \/>\nCuradur\u00eda invitada: Flaviana Lasan y Naine Terena<br \/>\nDirecci\u00f3n ejecutiva: Janaina Macruz y Juliana Flores<br \/>\nDirecci\u00f3n de comunicaci\u00f3n: Priscila Amoni<br \/>\nEQUIPO 1\u00aa ETAPA<br \/>\nGesti\u00f3n Financiera: Analysa Contabilidade \/ Sinergia Projetos Culturais<br \/>\nAsesor\u00eda Jur\u00eddica: L\u00facia Ribeiro e Associados \u2013 Sociedade de Advogados<br \/>\nPlanificaci\u00f3n de producci\u00f3n: Bruna Pardini<br \/>\nCoordinaci\u00f3n de Producci\u00f3n: Nath Sol<br \/>\nProducci\u00f3n art\u00edstica: Karu Torres<br \/>\nProductora de corre: Sara Borem<br \/>\nCoordinaci\u00f3n de seguridad en altura: NoAr \u2013 Anne Louise<br \/>\nCoordinaci\u00f3n log\u00edstica: Ana Cec\u00edlia<br \/>\nArquitecta: Ivie Zappellini<br \/>\nProductora t\u00e9cnica instalaciones: Maria Leite<br \/>\nProducci\u00f3n log\u00edstica A&amp;B: Dani Lages<br \/>\nProductor operacional: PDR<br \/>\nAsistente operacional: Monge<br \/>\nAsesor\u00eda administrativa: Tain\u00e1 Evaristo<br \/>\nApoyo de producci\u00f3n: Matheus Duarte<br \/>\nTransporte: Colibri<br \/>\nCargador: Juninho \u2013 Jowman<br \/>\nPlanificaci\u00f3n de comunicaci\u00f3n: A Firma<br \/>\nDirectora comercial: Carolina Herszenhut<br \/>\nCoordinaci\u00f3n de comunicaci\u00f3n: Nath Queiroz y Paula Kimo<br \/>\nCoordinaci\u00f3n de redes sociales: Bruna Brand\u00e3o y Mariana Cordeiro<br \/>\nRedes sociales: Bruna Brand\u00e3o, Pedro Saldanha, D\u00e9bora Rhuama y Mariana Cordeiro<br \/>\nGerente de anuncios: George Faria<br \/>\nRedacci\u00f3n: Carol Macedo<br \/>\nSitio web: Raphael Santos<br \/>\nDise\u00f1o: Alexandre Perocco<br \/>\nAsesor\u00eda de prensa: Renata Alves<br \/>\nProducci\u00f3n de comunicaci\u00f3n \/ Audiovisual: Erica Hoffmann<br \/>\nFot\u00f3grafos: Cadu Passos y Lucas Bahia<br \/>\nEditor de fotos: Vin\u00edcius Duarte<br \/>\nFilmaciones y videos finales de las obras: Amarantes Filmes | Thiago Souza<br \/>\nMinidocumental: \u00c1rea de Servi\u00e7o | Bruno Figueiredo (Direcci\u00f3n) | Guilherme Lessa (Guionista) | Glaydson Mendes (Sonido Directo)<br \/>\nSerie sobre el Territorio: Olada Audiovisual | Lucas Campolina y Mariana Andrade (Direcci\u00f3n), Rodrigo Ferreira (Sonido) y Pedro Hil\u00e1rio (Sonido y Montaje)<br \/>\nEQUIPO 2\u00aa ETAPA<br \/>\nGesti\u00f3n financiera: Bruna Pardini \/ Sinergia Projetos Culturais<br \/>\nAsesor\u00eda jur\u00eddica: L\u00facia Ribeiro e Associados \u2013 Sociedade de Advogados<br \/>\nPlanificaci\u00f3n de producci\u00f3n: Bruna Pardini<br \/>\nCoordinaci\u00f3n de obras en fachadas: Nath Sol<br \/>\nCoordinaci\u00f3n seguridad en altura: NoAr \u2013 Anne Louise y Graziely Helena<br \/>\nCoordinaci\u00f3n de base: Ana Cec\u00edlia<br \/>\nArquitecta: Ivie Zappellini<br \/>\nProductor operacional: PDR<br \/>\nCargador: Juninho \u2013 Jowman<br \/>\nPlanificaci\u00f3n de comunicaci\u00f3n: A Firma<br \/>\nCoordinaci\u00f3n de comunicaci\u00f3n: Nath Queiroz<br \/>\nCoordinaci\u00f3n de redes sociales: Pedro Saldanha<br \/>\nRedes sociales: Pedro Saldanha y Luisa Lombardi<br \/>\nVideomaker: Thiago Santos | Amarantes Filmes<br \/>\nRedacci\u00f3n: Carol Macedo<br \/>\nIdentidad visual: Alexandre Perocco<br \/>\nSitio web: Raphael Santos<br \/>\nDise\u00f1o: Pedro Saldanha<br \/>\nAsesor\u00eda de prensa: Renata Alves<br \/>\nProducci\u00f3n de cobertura: Lola Peroni<br \/>\nFot\u00f3grafos: Cadu Passos y Lucas Bahia<br \/>\nEditor de Fotos: Vin\u00edcius Duarte<br \/>\nMinidocumental: \u00c1rea de Servi\u00e7o | Bruno Figueiredo (Direcci\u00f3n) | Guilherme Lessa (Guionista) | Glaydson Mendes (Sonido Directo)<br \/>\nOBRAS<br \/>\nArtista: Mag Magrela<br \/>\nAsistencia de pintura: Wanatta y F\u00eanix<br \/>\nSeguridad en altura: Graziely Helena<br \/>\nProducci\u00f3n de base: Simone Abreu<br \/>\nArtista: Ed-Mun<br \/>\nAsistencia de pintura: Tot y Fhero<br \/>\nSeguridad en altura: Branca Franco<br \/>\nProducci\u00f3n de base: Simone Abreu<br \/>\nArtista: Coletivo Mahku - Bane, K\u00e1ssia Borges e Itamar Rios<br \/>\nCoordinaci\u00f3n de pintura: Drin C\u00f4rtes<br \/>\nAsistencia de pintura: Tita y Wanatta<br \/>\nSeguridad en altura: Mari Avelar<br \/>\nProducci\u00f3n de base: Sam Lucas<br \/>\nPintura-ritual asfalto Avenida Amazonas<br \/>\nArtista: Ronin Koshi e Sadith Silvano<br \/>\nCoordinaci\u00f3n de pintura: Comum y Marcus Vinicius<br \/>\nConsultor de pintura asf\u00e1ltica: Tiago Maciel<br \/>\nProducci\u00f3n: Felipe Amaral y Supla<br \/>\nAsistencia de pintura: Poter, Alvim, Drones, Ash, Pierre, Fear, F\u00eanix, Sink, Surto y Sako<br \/>\nInt\u00e9rprete artistas shipibo: Dan Macruz<br \/>\nInstalaci\u00f3n:<br \/>\nArtista: Grupo Giramundo\/ Gira de Novo<br \/>\nCoordinaci\u00f3n art\u00edstica: Hot Apocalypse<\/p>\n<\/div>\n<\/div>\n<\/div>\n<p>&nbsp;<\/p>\n<p><img decoding=\"async\" class=\"alignnone wp-image-1279 size-full\" src=\"https:\/\/publica.art\/es\/wp-content\/uploads\/2023\/08\/cura-2021-01.jpg\" alt=\"\" width=\"2560\" height=\"1707\" \/><\/p>\n<div class=\"row\">\n<div class=\"col-sm imagem-esquerda\"><img decoding=\"async\" class=\"alignnone wp-image-1280 size-full\" src=\"https:\/\/publica.art\/es\/wp-content\/uploads\/2023\/08\/cura-2021-02.jpg\" alt=\"\" width=\"1616\" height=\"1080\" \/><\/div>\n<div class=\"col-sm imagem-direita\"><img decoding=\"async\" class=\"alignnone wp-image-1283 size-full\" src=\"https:\/\/publica.art\/es\/wp-content\/uploads\/2023\/08\/cura-2021-04.jpg\" alt=\"\" width=\"2560\" height=\"1707\" \/><\/div>\n<\/div>\n<p><img decoding=\"async\" class=\"alignnone wp-image-1282 size-full\" src=\"https:\/\/publica.art\/es\/wp-content\/uploads\/2023\/08\/cura-2021-03.jpg\" alt=\"\" width=\"2560\" height=\"1707\" \/><\/p>\n<p><img decoding=\"async\" class=\"alignnone wp-image-1286 size-full\" src=\"https:\/\/publica.art\/es\/wp-content\/uploads\/2023\/08\/cura-2021-06.jpeg\" alt=\"\" width=\"1616\" height=\"1080\" \/><\/p>\n<div class=\"row\">\n<div class=\"col-sm imagem-esquerda\"><img decoding=\"async\" class=\"alignnone wp-image-1285 size-full\" src=\"https:\/\/publica.art\/es\/wp-content\/uploads\/2023\/08\/cura-2021-07.jpg\" alt=\"\" width=\"2560\" height=\"1707\" \/><\/div>\n<div class=\"col-sm imagem-direita\"><img decoding=\"async\" class=\"alignnone wp-image-1278 size-full\" src=\"https:\/\/publica.art\/es\/wp-content\/uploads\/2023\/09\/cura-2021-05.jpg\" alt=\"\" width=\"2560\" height=\"1707\" \/><\/div>\n<\/div>\n<p><img decoding=\"async\" class=\"alignnone wp-image-1287 size-full\" src=\"https:\/\/publica.art\/es\/wp-content\/uploads\/2023\/08\/cura-2021-08.jpeg\" alt=\"\" width=\"1616\" height=\"1080\" \/><\/p>\n<p><img decoding=\"async\" class=\"alignnone wp-image-1287 size-full\" src=\"https:\/\/publica.art\/es\/wp-content\/uploads\/2023\/08\/cura-2021-09.jpg\" alt=\"\" width=\"1616\" height=\"1080\" \/><\/p>\n<p><img decoding=\"async\" class=\"alignnone wp-image-1287 size-full\" src=\"https:\/\/publica.art\/es\/wp-content\/uploads\/2023\/08\/cura-2021-10.jpg\" alt=\"\" width=\"1616\" height=\"1080\" \/><\/p>\n<p><img decoding=\"async\" class=\"alignnone wp-image-1287 size-full\" src=\"https:\/\/publica.art\/es\/wp-content\/uploads\/2023\/08\/cura-2021-11.jpg\" alt=\"\" width=\"1616\" height=\"1080\" \/><\/p>\n<\/div>\n<\/div>\n<\/div>\n\t\t\t\t<\/div>\n\t\t\t\t<\/div>\n\t\t<\/div>\n\t\t\n\n\n\n<script>\n\nvar btn = document.getElementById('btn-div');\nvar container = document.querySelector('.conteudo-ficha');\nbtn.addEventListener('click', function() {\n    \n  if(container.style.display === 'block') {\n      container.style.display = 'none';\ndocument.getElementById(\"texto-opaco\").style.color = \"#0000ff\";\ndocument.getElementById(\"img-olho\").style.filter = \"opacity(1)\";\ndocument.getElementById(\"texto-opaco\").style.filter = \"opacity(1)\";\ndocument.getElementById(\"ficha\").style.height = \"6px\";\ndocument.getElementById(\"img-olho\").src = \"https:\/\/publica.art\/es\/wp-content\/uploads\/2023\/08\/olho-ficha.png\";\n  } else {\n      container.style.display = 'block';\ndocument.getElementById(\"texto-opaco\").style.filter = \"opacity(0.7)\";\ndocument.getElementById(\"texto-opaco\").style.color = \"#d5d1d1\";\ndocument.getElementById(\"img-olho\").style.filter = \"opacity(1)\";\ndocument.getElementById(\"ficha\").style.height = \"250px\";\ndocument.getElementById(\"img-olho\").src = \"https:\/\/publica.art\/es\/wp-content\/uploads\/2023\/09\/olho-cinza.png\";\n  }\n});\n\nvar btnv1 = document.getElementById('btn-divv1');\nvar containerv1 = document.querySelector('.conteudo-fichav1');\nbtnv1.addEventListener('click', function() {\n    \n  if(containerv1.style.display === 'block') {\n      containerv1.style.display = 'none';\ndocument.getElementById(\"texto-opacov1\").style.color = \"#0000ff\";\ndocument.getElementById(\"img-olhov1\").style.filter = \"opacity(1)\";\ndocument.getElementById(\"texto-opacov1\").style.filter = \"opacity(1)\";\ndocument.getElementById(\"fichav1\").style.height = \"60px\";\n  } else {\n      containerv1.style.display = 'block';\ndocument.getElementById(\"texto-opacov1\").style.filter = \"opacity(0.1)\";\ndocument.getElementById(\"img-olhov1\").style.filter = \"opacity(0.5)\";\ndocument.getElementById(\"fichav1\").style.height = \"250px\";\ndocument.getElementById(\"fichav1\").style.width = \"310px\";\n  }\n});\n\n<\/script>\n\n\n\n<script>\n\nvar btn2 = document.getElementById('btn-div-2');\nvar container2 = document.querySelector('.conteudo-ficha-2');\nbtn2.addEventListener('click', function() {\n    \n  if(container2.style.display === 'block') {\n      container2.style.display = 'none';\ndocument.getElementById(\"texto-opaco-2\").style.color = \"#0000ff\";\ndocument.getElementById(\"img-olho\").style.filter = \"opacity(1)\";\ndocument.getElementById(\"texto-opaco-2\").style.filter = \"opacity(1)\";\ndocument.getElementById(\"ficha-2\").style.height = \"6px\";\n\n  } else { \n      container2.style.display = 'block';\ndocument.getElementById(\"texto-opaco-2\").style.filter = \"opacity(0.1)\";\ndocument.getElementById(\"img-olho\").style.filter = \"opacity(0.5)\";\ndocument.getElementById(\"ficha-2\").style.height = \"250px\";\n  }\n});\n\n<\/script>\n\n\n\n<script>\n\nvar btn3 = document.getElementById('btn-div-3');\nvar container3 = document.querySelector('.conteudo-ficha-3');\nbtn3.addEventListener('click', function() {\n    \n  if(container3.style.display === 'block') {\n      container3.style.display = 'none';\ndocument.getElementById(\"texto-opaco-3\").style.color = \"#0000ff\";\ndocument.getElementById(\"img-olho\").style.filter = \"opacity(1)\";\ndocument.getElementById(\"texto-opaco-3\").style.filter = \"opacity(1)\";\ndocument.getElementById(\"ficha-3\").style.height = \"6px\";\n  } else {\n      container3.style.display = 'block';\ndocument.getElementById(\"texto-opaco-3\").style.filter = \"opacity(0.1)\";\ndocument.getElementById(\"img-olho\").style.filter = \"opacity(0.5)\";\ndocument.getElementById(\"ficha-3\").style.height = \"250px\";\n  }\n});\n\n<\/script>\n\n\n\n<script>\n\nvar btn4 = document.getElementById('btn-div-4');\nvar container4 = document.querySelector('.conteudo-ficha-4');\nbtn4.addEventListener('click', function() {\n    \n  if(container4.style.display === 'block') {\n      container4.style.display = 'none';\ndocument.getElementById(\"texto-opaco-4\").style.color = \"#0000ff\";\ndocument.getElementById(\"img-olho\").style.filter = \"opacity(1)\";\ndocument.getElementById(\"texto-opaco-4\").style.filter = \"opacity(1)\";\ndocument.getElementById(\"ficha-4\").style.height = \"6px\";\n  } else {\n      container4.style.display = 'block';\ndocument.getElementById(\"texto-opaco-4\").style.filter = \"opacity(0.1)\";\ndocument.getElementById(\"img-olho\").style.filter = \"opacity(0.5)\";\ndocument.getElementById(\"ficha-4\").style.height = \"250px\";\n  }\n});\n\n<\/script>\n\n\n\n<script>\n\nvar btn5 = document.getElementById('btn-div-5');\nvar container5 = document.querySelector('.conteudo-ficha-5');\nbtn5.addEventListener('click', function() {\n    \n  if(container5.style.display === 'block') {\n      container5.style.display = 'none';\ndocument.getElementById(\"texto-opaco-5\").style.color = \"#0000ff\";\ndocument.getElementById(\"img-olho\").style.filter = \"opacity(1)\";\ndocument.getElementById(\"texto-opaco-5\").style.filter = \"opacity(1)\";\ndocument.getElementById(\"ficha-5\").style.height = \"6px\";\n  } else {\n      container5.style.display = 'block';\ndocument.getElementById(\"texto-opaco-5\").style.filter = \"opacity(0.1)\";\ndocument.getElementById(\"img-olho\").style.filter = \"opacity(0.5)\";\ndocument.getElementById(\"ficha-5\").style.height = \"250px\";\n  }\n});\n\n<\/script>\n","protected":false},"excerpt":{"rendered":"","protected":false},"author":1,"featured_media":0,"parent":0,"menu_order":0,"comment_status":"closed","ping_status":"closed","template":"","meta":{"footnotes":""},"class_list":{"0":"post-1197","1":"page","2":"type-page","3":"status-publish","5":"infinite-scroll-item","6":"no-featured-image-padding"},"yoast_head":"<!-- This site is optimized with the Yoast SEO plugin v21.7 - https:\/\/yoast.com\/wordpress\/plugins\/seo\/ -->\n<title>cura - publica<\/title>\n<meta name=\"robots\" content=\"index, follow, max-snippet:-1, max-image-preview:large, max-video-preview:-1\" \/>\n<link rel=\"canonical\" href=\"https:\/\/publica.art\/es\/cura\/\" \/>\n<meta property=\"og:locale\" content=\"pt_BR\" \/>\n<meta property=\"og:type\" content=\"article\" \/>\n<meta property=\"og:title\" content=\"cura - publica\" \/>\n<meta property=\"og:url\" content=\"https:\/\/publica.art\/es\/cura\/\" \/>\n<meta property=\"og:site_name\" content=\"publica\" \/>\n<meta property=\"article:modified_time\" content=\"2024-07-27T00:36:59+00:00\" \/>\n<meta name=\"twitter:card\" content=\"summary_large_image\" \/>\n<meta name=\"twitter:label1\" content=\"Est. tempo de leitura\" \/>\n\t<meta name=\"twitter:data1\" content=\"1 minuto\" \/>\n<script type=\"application\/ld+json\" class=\"yoast-schema-graph\">{\"@context\":\"https:\/\/schema.org\",\"@graph\":[{\"@type\":\"WebPage\",\"@id\":\"https:\/\/publica.art\/es\/cura\/\",\"url\":\"https:\/\/publica.art\/es\/cura\/\",\"name\":\"cura - publica\",\"isPartOf\":{\"@id\":\"https:\/\/publica.art\/es\/#website\"},\"datePublished\":\"2023-08-22T19:58:45+00:00\",\"dateModified\":\"2024-07-27T00:36:59+00:00\",\"breadcrumb\":{\"@id\":\"https:\/\/publica.art\/es\/cura\/#breadcrumb\"},\"inLanguage\":\"pt-BR\",\"potentialAction\":[{\"@type\":\"ReadAction\",\"target\":[\"https:\/\/publica.art\/es\/cura\/\"]}]},{\"@type\":\"BreadcrumbList\",\"@id\":\"https:\/\/publica.art\/es\/cura\/#breadcrumb\",\"itemListElement\":[{\"@type\":\"ListItem\",\"position\":1,\"name\":\"In\u00edcio\",\"item\":\"https:\/\/publica.art\/es\/\"},{\"@type\":\"ListItem\",\"position\":2,\"name\":\"cura\"}]},{\"@type\":\"WebSite\",\"@id\":\"https:\/\/publica.art\/es\/#website\",\"url\":\"https:\/\/publica.art\/es\/\",\"name\":\"publica\",\"description\":\"&lt;s&gt;&lt;i&gt;[agencia&lt;\/i&gt; de&lt;\/s&gt; &lt;b&gt;arte&lt;i&gt;]&lt;\/i&gt;&lt;\/b&gt;\",\"publisher\":{\"@id\":\"https:\/\/publica.art\/es\/#organization\"},\"potentialAction\":[{\"@type\":\"SearchAction\",\"target\":{\"@type\":\"EntryPoint\",\"urlTemplate\":\"https:\/\/publica.art\/es\/?s={search_term_string}\"},\"query-input\":\"required name=search_term_string\"}],\"inLanguage\":\"pt-BR\"},{\"@type\":\"Organization\",\"@id\":\"https:\/\/publica.art\/es\/#organization\",\"name\":\"publica\",\"url\":\"https:\/\/publica.art\/es\/\",\"logo\":{\"@type\":\"ImageObject\",\"inLanguage\":\"pt-BR\",\"@id\":\"https:\/\/publica.art\/es\/#\/schema\/logo\/image\/\",\"url\":\"https:\/\/publica.art\/es\/wp-content\/uploads\/2023\/06\/site-publica-23-11.png\",\"contentUrl\":\"https:\/\/publica.art\/es\/wp-content\/uploads\/2023\/06\/site-publica-23-11.png\",\"width\":259,\"height\":517,\"caption\":\"publica\"},\"image\":{\"@id\":\"https:\/\/publica.art\/es\/#\/schema\/logo\/image\/\"}}]}<\/script>\n<!-- \/ Yoast SEO plugin. -->","yoast_head_json":{"title":"cura - publica","robots":{"index":"index","follow":"follow","max-snippet":"max-snippet:-1","max-image-preview":"max-image-preview:large","max-video-preview":"max-video-preview:-1"},"canonical":"https:\/\/publica.art\/es\/cura\/","og_locale":"pt_BR","og_type":"article","og_title":"cura - publica","og_url":"https:\/\/publica.art\/es\/cura\/","og_site_name":"publica","article_modified_time":"2024-07-27T00:36:59+00:00","twitter_card":"summary_large_image","twitter_misc":{"Est. tempo de leitura":"1 minuto"},"schema":{"@context":"https:\/\/schema.org","@graph":[{"@type":"WebPage","@id":"https:\/\/publica.art\/es\/cura\/","url":"https:\/\/publica.art\/es\/cura\/","name":"cura - publica","isPartOf":{"@id":"https:\/\/publica.art\/es\/#website"},"datePublished":"2023-08-22T19:58:45+00:00","dateModified":"2024-07-27T00:36:59+00:00","breadcrumb":{"@id":"https:\/\/publica.art\/es\/cura\/#breadcrumb"},"inLanguage":"pt-BR","potentialAction":[{"@type":"ReadAction","target":["https:\/\/publica.art\/es\/cura\/"]}]},{"@type":"BreadcrumbList","@id":"https:\/\/publica.art\/es\/cura\/#breadcrumb","itemListElement":[{"@type":"ListItem","position":1,"name":"In\u00edcio","item":"https:\/\/publica.art\/es\/"},{"@type":"ListItem","position":2,"name":"cura"}]},{"@type":"WebSite","@id":"https:\/\/publica.art\/es\/#website","url":"https:\/\/publica.art\/es\/","name":"publica","description":"&lt;s&gt;&lt;i&gt;[agencia&lt;\/i&gt; de&lt;\/s&gt; &lt;b&gt;arte&lt;i&gt;]&lt;\/i&gt;&lt;\/b&gt;","publisher":{"@id":"https:\/\/publica.art\/es\/#organization"},"potentialAction":[{"@type":"SearchAction","target":{"@type":"EntryPoint","urlTemplate":"https:\/\/publica.art\/es\/?s={search_term_string}"},"query-input":"required name=search_term_string"}],"inLanguage":"pt-BR"},{"@type":"Organization","@id":"https:\/\/publica.art\/es\/#organization","name":"publica","url":"https:\/\/publica.art\/es\/","logo":{"@type":"ImageObject","inLanguage":"pt-BR","@id":"https:\/\/publica.art\/es\/#\/schema\/logo\/image\/","url":"https:\/\/publica.art\/es\/wp-content\/uploads\/2023\/06\/site-publica-23-11.png","contentUrl":"https:\/\/publica.art\/es\/wp-content\/uploads\/2023\/06\/site-publica-23-11.png","width":259,"height":517,"caption":"publica"},"image":{"@id":"https:\/\/publica.art\/es\/#\/schema\/logo\/image\/"}}]}},"_links":{"self":[{"href":"https:\/\/publica.art\/es\/wp-json\/wp\/v2\/pages\/1197","targetHints":{"allow":["GET"]}}],"collection":[{"href":"https:\/\/publica.art\/es\/wp-json\/wp\/v2\/pages"}],"about":[{"href":"https:\/\/publica.art\/es\/wp-json\/wp\/v2\/types\/page"}],"author":[{"embeddable":true,"href":"https:\/\/publica.art\/es\/wp-json\/wp\/v2\/users\/1"}],"replies":[{"embeddable":true,"href":"https:\/\/publica.art\/es\/wp-json\/wp\/v2\/comments?post=1197"}],"version-history":[{"count":167,"href":"https:\/\/publica.art\/es\/wp-json\/wp\/v2\/pages\/1197\/revisions"}],"predecessor-version":[{"id":3607,"href":"https:\/\/publica.art\/es\/wp-json\/wp\/v2\/pages\/1197\/revisions\/3607"}],"wp:attachment":[{"href":"https:\/\/publica.art\/es\/wp-json\/wp\/v2\/media?parent=1197"}],"curies":[{"name":"wp","href":"https:\/\/api.w.org\/{rel}","templated":true}]}}